{"id":5533,"date":"2025-06-20T18:54:33","date_gmt":"2025-06-20T22:54:33","guid":{"rendered":"https:\/\/elevateclinic.ca\/a-propos-de-nous\/sara-hughes-b-a\/"},"modified":"2025-09-09T00:22:40","modified_gmt":"2025-09-09T04:22:40","slug":"sara-hughes-b-a","status":"publish","type":"page","link":"https:\/\/elevateclinic.ca\/fr\/a-propos-de-nous\/sara-hughes-b-a\/","title":{"rendered":"Sara Hughes, B.A."},"content":{"rendered":"\t\t<div data-elementor-type=\"wp-page\" data-elementor-id=\"5533\" class=\"elementor elementor-5533 elementor-5522\" data-elementor-post-type=\"page\">\n\t\t\t\t\t\t<section class=\"elementor-section elementor-top-section elementor-element elementor-element-67403ca9 elementor-section-height-min-height bio-banner elementor-section-boxed elementor-section-height-default elementor-section-items-middle\" data-id=\"67403ca9\" data-element_type=\"section\" data-settings=\"{&quot;background_background&quot;:&quot;classic&quot;}\">\n\t\t\t\t\t\t\t<div class=\"elementor-background-overlay\"><\/div>\n\t\t\t\t\t\t\t<div class=\"elementor-container elementor-column-gap-default\">\n\t\t\t\t\t<div class=\"elementor-column elementor-col-100 elementor-top-column elementor-element elementor-element-347a0611\" data-id=\"347a0611\" data-element_type=\"column\" data-settings=\"{&quot;background_background&quot;:&quot;classic&quot;}\">\n\t\t\t<div class=\"elementor-widget-wrap elementor-element-populated\">\n\t\t\t\t\t<div class=\"elementor-background-overlay\"><\/div>\n\t\t\t\t\t\t<div class=\"elementor-element elementor-element-1b43c313 elementor-widget elementor-widget-heading\" data-id=\"1b43c313\" data-element_type=\"widget\" data-widget_type=\"heading.default\">\n\t\t\t\t<div class=\"elementor-widget-container\">\n\t\t\t\t\t<h1 class=\"elementor-heading-title elementor-size-default\">Sara Hughes, B.Sc.<\/h1>\t\t\t\t<\/div>\n\t\t\t\t<\/div>\n\t\t\t\t<div class=\"elementor-element elementor-element-3b48272c elementor-widget elementor-widget-heading\" data-id=\"3b48272c\" data-element_type=\"widget\" data-widget_type=\"heading.default\">\n\t\t\t\t<div class=\"elementor-widget-container\">\n\t\t\t\t\t<h4 class=\"elementor-heading-title elementor-size-default\">Coordinatrice des soins cliniques<\/h4>\t\t\t\t<\/div>\n\t\t\t\t<\/div>\n\t\t\t\t\t<\/div>\n\t\t<\/div>\n\t\t\t\t\t<\/div>\n\t\t<\/section>\n\t\t\t\t<section class=\"elementor-section elementor-top-section elementor-element elementor-element-b75d811 bio-photo-section elementor-section-boxed elementor-section-height-default elementor-section-height-default\" data-id=\"b75d811\" data-element_type=\"section\">\n\t\t\t\t\t\t<div class=\"elementor-container elementor-column-gap-default\">\n\t\t\t\t\t<div class=\"elementor-column elementor-col-50 elementor-top-column elementor-element elementor-element-1117e54d\" data-id=\"1117e54d\" data-element_type=\"column\">\n\t\t\t<div class=\"elementor-widget-wrap elementor-element-populated\">\n\t\t\t\t\t\t<div class=\"elementor-element elementor-element-3c555a4e elementor-widget elementor-widget-image\" data-id=\"3c555a4e\" data-element_type=\"widget\" data-widget_type=\"image.default\">\n\t\t\t\t<div class=\"elementor-widget-container\">\n\t\t\t\t\t\t\t\t\t\t\t\t\t\t\t<img fetchpriority=\"high\" decoding=\"async\" width=\"1000\" height=\"1175\" src=\"https:\/\/elevateclinic.ca\/wp-content\/uploads\/2025\/06\/Sara-Hughes-Headshot.jpg\" class=\"attachment-full size-full wp-image-5518\" alt=\"\" srcset=\"https:\/\/elevateclinic.ca\/wp-content\/uploads\/2025\/06\/Sara-Hughes-Headshot.jpg 1000w, https:\/\/elevateclinic.ca\/wp-content\/uploads\/2025\/06\/Sara-Hughes-Headshot-255x300.jpg 255w, https:\/\/elevateclinic.ca\/wp-content\/uploads\/2025\/06\/Sara-Hughes-Headshot-871x1024.jpg 871w, https:\/\/elevateclinic.ca\/wp-content\/uploads\/2025\/06\/Sara-Hughes-Headshot-768x902.jpg 768w\" sizes=\"(max-width: 1000px) 100vw, 1000px\" \/>\t\t\t\t\t\t\t\t\t\t\t\t\t\t\t<\/div>\n\t\t\t\t<\/div>\n\t\t\t\t\t<\/div>\n\t\t<\/div>\n\t\t\t\t<div class=\"elementor-column elementor-col-50 elementor-top-column elementor-element elementor-element-790169ba\" data-id=\"790169ba\" data-element_type=\"column\">\n\t\t\t<div class=\"elementor-widget-wrap elementor-element-populated\">\n\t\t\t\t\t\t<div class=\"elementor-element elementor-element-1d855593 elementor-widget elementor-widget-image\" data-id=\"1d855593\" data-element_type=\"widget\" data-widget_type=\"image.default\">\n\t\t\t\t<div class=\"elementor-widget-container\">\n\t\t\t\t\t\t\t\t\t\t\t\t\t\t\t<img decoding=\"async\" width=\"946\" height=\"946\" src=\"https:\/\/elevateclinic.ca\/wp-content\/uploads\/2024\/08\/circle-logo.png\" class=\"attachment-full size-full wp-image-3953\" alt=\"\" srcset=\"https:\/\/elevateclinic.ca\/wp-content\/uploads\/2024\/08\/circle-logo.png 946w, https:\/\/elevateclinic.ca\/wp-content\/uploads\/2024\/08\/circle-logo-300x300.png 300w, https:\/\/elevateclinic.ca\/wp-content\/uploads\/2024\/08\/circle-logo-150x150.png 150w, https:\/\/elevateclinic.ca\/wp-content\/uploads\/2024\/08\/circle-logo-768x768.png 768w\" sizes=\"(max-width: 946px) 100vw, 946px\" \/>\t\t\t\t\t\t\t\t\t\t\t\t\t\t\t<\/div>\n\t\t\t\t<\/div>\n\t\t\t\t<div class=\"elementor-element elementor-element-7ae60f3e elementor-widget__width-initial elementor-widget elementor-widget-heading\" data-id=\"7ae60f3e\" data-element_type=\"widget\" data-widget_type=\"heading.default\">\n\t\t\t\t<div class=\"elementor-widget-container\">\n\t\t\t\t\t<h4 class=\"elementor-heading-title elementor-size-default\"><span style=\"letter-spacing: 1.2px\">\u00ab&nbsp;<\/span>Mon objectif est de cr\u00e9er un environnement accueillant o\u00f9 les clients se sentent \u00e9cout\u00e9s avec compassion, empathie et chaleur. Chaque parcours commence par un premier pas courageux, et je m'engage \u00e0 faire en sorte que ce pas soit accompagn\u00e9 d'un soutien et d'un. <span style=\"letter-spacing: 1.2px\">\u00bb<\/span><span style=\"color: inherit;font-family: inherit;letter-spacing: 1.2px\"><\/span><br><\/h4>\t\t\t\t<\/div>\n\t\t\t\t<\/div>\n\t\t\t\t<div class=\"elementor-element elementor-element-4b6e3560 elementor-mobile-align-center elementor-align-center elementor-widget elementor-widget-button\" data-id=\"4b6e3560\" data-element_type=\"widget\" data-widget_type=\"button.default\">\n\t\t\t\t<div class=\"elementor-widget-container\">\n\t\t\t\t\t\t\t\t\t<div class=\"elementor-button-wrapper\">\n\t\t\t\t\t<a class=\"elementor-button elementor-button-link elementor-size-sm\" href=\"https:\/\/elevateclinic.ca\/fr\/contactez-nous\/#contact-form\">\n\t\t\t\t\t\t<span class=\"elementor-button-content-wrapper\">\n\t\t\t\t\t\t\t\t\t<span class=\"elementor-button-text\">Planifiez une consultation<\/span>\n\t\t\t\t\t<\/span>\n\t\t\t\t\t<\/a>\n\t\t\t\t<\/div>\n\t\t\t\t\t\t\t\t<\/div>\n\t\t\t\t<\/div>\n\t\t\t\t\t<\/div>\n\t\t<\/div>\n\t\t\t\t\t<\/div>\n\t\t<\/section>\n\t\t\t\t<section class=\"elementor-section elementor-top-section elementor-element elementor-element-2f587ee2 bio-learnmore elementor-section-boxed elementor-section-height-default elementor-section-height-default\" data-id=\"2f587ee2\" data-element_type=\"section\" data-settings=\"{&quot;background_background&quot;:&quot;classic&quot;}\">\n\t\t\t\t\t\t<div class=\"elementor-container elementor-column-gap-default\">\n\t\t\t\t\t<div class=\"elementor-column elementor-col-50 elementor-top-column elementor-element elementor-element-39f9eada\" data-id=\"39f9eada\" data-element_type=\"column\">\n\t\t\t<div class=\"elementor-widget-wrap elementor-element-populated\">\n\t\t\t\t\t\t<div class=\"elementor-element elementor-element-6e8c75c8 elementor-widget elementor-widget-heading\" data-id=\"6e8c75c8\" data-element_type=\"widget\" data-widget_type=\"heading.default\">\n\t\t\t\t<div class=\"elementor-widget-container\">\n\t\t\t\t\t<h4 class=\"elementor-heading-title elementor-size-default\">En savoir plus sur Sara<\/h4>\t\t\t\t<\/div>\n\t\t\t\t<\/div>\n\t\t\t\t<div class=\"elementor-element elementor-element-769d4cff elementor-widget elementor-widget-text-editor\" data-id=\"769d4cff\" data-element_type=\"widget\" data-widget_type=\"text-editor.default\">\n\t\t\t\t<div class=\"elementor-widget-container\">\n\t\t\t\t\t\t\t\t\t<h2>\u00c9tudes et titres de comp\u00e9tences<\/h2>\n<p>Sara poursuit actuellement une ma\u00eetrise en psychologie du counselling \u00e0 l&#8217;Universit\u00e9 McGill, o\u00f9 elle m\u00e8ne une recherche financ\u00e9e par les IRSC sur les meilleures pratiques d&#8217;adaptation de la psychoth\u00e9rapie pour les adultes atteints du spectre autistique. Elle est \u00e9galement titulaire d&#8217;un baccalaur\u00e9at en psychologie avec distinction de l&#8217;Universit\u00e9 McGill. Sara est d\u00e9vou\u00e9e \u00e0 l&#8217;acc\u00e8s et \u00e0 l&#8217;\u00e9quit\u00e9 des services de sant\u00e9, ce qui l&#8217;a pouss\u00e9e \u00e0 poursuivre ses \u00e9tudes et ses recherches jusqu&#8217;\u00e0 pr\u00e9sent.<\/p>\n<h2>Formation et exp\u00e9riences<\/h2>\n<p>Sara apporte un vaste \u00e9ventail d&#8217;exp\u00e9riences dans des contextes cliniques et communautaires, en soutenant des personnes ayant des besoins divers. Elle a travaill\u00e9 en tant que travailleuse de soutien \u00e0 l&#8217;\u00e9coute active pour les populations vuln\u00e9rables, a servi d&#8217;accompagnatrice pour les personnes ayant des besoins particuliers et a apport\u00e9 son soutien aux membres de la communaut\u00e9 sans-abri. . Ces r\u00f4les ont renforc\u00e9 son engagement \u00e0 promouvoir l&#8217;acc\u00e8s aux services de sant\u00e9 mentale par une approche empathique et compatissante.<\/p>\n<h2>Travail actuel<\/h2>\n<p>Sara est actuellement coordinatrice des soins cliniques \u00e0 Elevate. Elle est le premier point de contact entre les clients et l&#8217;\u00e9quipe d&#8217;Elevate. \u00c0 ce titre, elle se consacre \u00e0 l&#8217;accompagnement chaleureux et compatissant des personnes dans le processus d&#8217;acc\u00e8s aux services de sant\u00e9 mentale. Le travail de Sara continue d&#8217;\u00eatre guid\u00e9 par sa passion pour des soins de sant\u00e9 mentale \u00e9quitables, accessibles et centr\u00e9s sur la personne.<\/p>\t\t\t\t\t\t\t\t<\/div>\n\t\t\t\t<\/div>\n\t\t\t\t<div class=\"elementor-element elementor-element-7dafd71e elementor-mobile-align-center elementor-widget elementor-widget-button\" data-id=\"7dafd71e\" data-element_type=\"widget\" data-widget_type=\"button.default\">\n\t\t\t\t<div class=\"elementor-widget-container\">\n\t\t\t\t\t\t\t\t\t<div class=\"elementor-button-wrapper\">\n\t\t\t\t\t<a class=\"elementor-button elementor-button-link elementor-size-sm\" href=\"https:\/\/elevateclinic.ca\/fr\/contactez-nous\/#contact-form\">\n\t\t\t\t\t\t<span class=\"elementor-button-content-wrapper\">\n\t\t\t\t\t\t\t\t\t<span class=\"elementor-button-text\">Planifiez une consultation<\/span>\n\t\t\t\t\t<\/span>\n\t\t\t\t\t<\/a>\n\t\t\t\t<\/div>\n\t\t\t\t\t\t\t\t<\/div>\n\t\t\t\t<\/div>\n\t\t\t\t\t<\/div>\n\t\t<\/div>\n\t\t\t\t<div class=\"elementor-column elementor-col-50 elementor-top-column elementor-element elementor-element-76ef86d6\" data-id=\"76ef86d6\" data-element_type=\"column\" data-settings=\"{&quot;background_background&quot;:&quot;classic&quot;}\">\n\t\t\t<div class=\"elementor-widget-wrap elementor-element-populated\">\n\t\t\t\t\t\t<div class=\"elementor-element elementor-element-5b1d819 elementor-widget elementor-widget-spacer\" data-id=\"5b1d819\" data-element_type=\"widget\" data-widget_type=\"spacer.default\">\n\t\t\t\t<div class=\"elementor-widget-container\">\n\t\t\t\t\t\t\t<div class=\"elementor-spacer\">\n\t\t\t<div class=\"elementor-spacer-inner\"><\/div>\n\t\t<\/div>\n\t\t\t\t\t\t<\/div>\n\t\t\t\t<\/div>\n\t\t\t\t\t<\/div>\n\t\t<\/div>\n\t\t\t\t\t<\/div>\n\t\t<\/section>\n\t\t\t\t<\/div>\n\t\t","protected":false},"excerpt":{"rendered":"<p>Sara Hughes, B.Sc. Coordinatrice des soins cliniques \u00ab&nbsp;Mon objectif est de cr\u00e9er un environnement accueillant o\u00f9 les clients se sentent \u00e9cout\u00e9s avec compassion, empathie et chaleur. Chaque parcours commence par un premier pas courageux, et je m&#8217;engage \u00e0 faire en sorte que ce pas soit accompagn\u00e9 d&#8217;un soutien et d&#8217;un. \u00bb Planifiez une consultation En [&hellip;]<\/p>\n","protected":false},"author":1,"featured_media":0,"parent":1458,"menu_order":0,"comment_status":"closed","ping_status":"closed","template":"","meta":{"_acf_changed":false,"footnotes":""},"class_list":["post-5533","page","type-page","status-publish","hentry"],"acf":[],"yoast_head":"<!-- This site is optimized with the Yoast SEO plugin v25.4 - https:\/\/yoast.com\/wordpress\/plugins\/seo\/ -->\n<title>Sara Hughes, B.A. | Elevate Psychotherapy and Wellness Clinic<\/title>\n<meta name=\"robots\" content=\"index, follow, max-snippet:-1, max-image-preview:large, max-video-preview:-1\" \/>\n<link rel=\"canonical\" href=\"https:\/\/elevateclinic.ca\/fr\/a-propos-de-nous\/sara-hughes-b-a\/\" \/>\n<meta property=\"og:locale\" content=\"fr_FR\" \/>\n<meta property=\"og:type\" content=\"article\" \/>\n<meta property=\"og:title\" content=\"Sara Hughes, B.A. | Elevate Psychotherapy and Wellness Clinic\" \/>\n<meta property=\"og:description\" content=\"Sara Hughes, B.Sc. Coordinatrice des soins cliniques \u00ab&nbsp;Mon objectif est de cr\u00e9er un environnement accueillant o\u00f9 les clients se sentent \u00e9cout\u00e9s avec compassion, empathie et chaleur. Chaque parcours commence par un premier pas courageux, et je m&#8217;engage \u00e0 faire en sorte que ce pas soit accompagn\u00e9 d&#8217;un soutien et d&#8217;un. \u00bb Planifiez une consultation En [&hellip;]\" \/>\n<meta property=\"og:url\" content=\"https:\/\/elevateclinic.ca\/fr\/a-propos-de-nous\/sara-hughes-b-a\/\" \/>\n<meta property=\"og:site_name\" content=\"Elevate Psychotherapy and Wellness Clinic\" \/>\n<meta property=\"article:publisher\" content=\"https:\/\/www.facebook.com\/p\/Elevate-Psychotherapy-Wellness-Clinic-61554406267176\/\" \/>\n<meta property=\"article:modified_time\" content=\"2025-09-09T04:22:40+00:00\" \/>\n<meta property=\"og:image\" content=\"https:\/\/elevateclinic.ca\/wp-content\/uploads\/2025\/06\/Sara-Hughes-Headshot.jpg\" \/>\n\t<meta property=\"og:image:width\" content=\"1000\" \/>\n\t<meta property=\"og:image:height\" content=\"1175\" \/>\n\t<meta property=\"og:image:type\" content=\"image\/jpeg\" \/>\n<meta name=\"twitter:card\" content=\"summary_large_image\" \/>\n<meta name=\"twitter:label1\" content=\"Dur\u00e9e de lecture estim\u00e9e\" \/>\n\t<meta name=\"twitter:data1\" content=\"2 minutes\" \/>\n<script type=\"application\/ld+json\" class=\"yoast-schema-graph\">{\"@context\":\"https:\/\/schema.org\",\"@graph\":[{\"@type\":\"WebPage\",\"@id\":\"https:\/\/elevateclinic.ca\/fr\/a-propos-de-nous\/sara-hughes-b-a\/\",\"url\":\"https:\/\/elevateclinic.ca\/fr\/a-propos-de-nous\/sara-hughes-b-a\/\",\"name\":\"Sara Hughes, B.A. | Elevate Psychotherapy and Wellness Clinic\",\"isPartOf\":{\"@id\":\"https:\/\/elevateclinic.ca\/fr\/#website\"},\"primaryImageOfPage\":{\"@id\":\"https:\/\/elevateclinic.ca\/fr\/a-propos-de-nous\/sara-hughes-b-a\/#primaryimage\"},\"image\":{\"@id\":\"https:\/\/elevateclinic.ca\/fr\/a-propos-de-nous\/sara-hughes-b-a\/#primaryimage\"},\"thumbnailUrl\":\"https:\/\/elevateclinic.ca\/wp-content\/uploads\/2025\/06\/Sara-Hughes-Headshot.jpg\",\"datePublished\":\"2025-06-20T22:54:33+00:00\",\"dateModified\":\"2025-09-09T04:22:40+00:00\",\"breadcrumb\":{\"@id\":\"https:\/\/elevateclinic.ca\/fr\/a-propos-de-nous\/sara-hughes-b-a\/#breadcrumb\"},\"inLanguage\":\"fr-FR\",\"potentialAction\":[{\"@type\":\"ReadAction\",\"target\":[\"https:\/\/elevateclinic.ca\/fr\/a-propos-de-nous\/sara-hughes-b-a\/\"]}]},{\"@type\":\"ImageObject\",\"inLanguage\":\"fr-FR\",\"@id\":\"https:\/\/elevateclinic.ca\/fr\/a-propos-de-nous\/sara-hughes-b-a\/#primaryimage\",\"url\":\"https:\/\/elevateclinic.ca\/wp-content\/uploads\/2025\/06\/Sara-Hughes-Headshot.jpg\",\"contentUrl\":\"https:\/\/elevateclinic.ca\/wp-content\/uploads\/2025\/06\/Sara-Hughes-Headshot.jpg\"},{\"@type\":\"BreadcrumbList\",\"@id\":\"https:\/\/elevateclinic.ca\/fr\/a-propos-de-nous\/sara-hughes-b-a\/#breadcrumb\",\"itemListElement\":[{\"@type\":\"ListItem\",\"position\":1,\"name\":\"Home\",\"item\":\"https:\/\/elevateclinic.ca\/fr\/\"},{\"@type\":\"ListItem\",\"position\":2,\"name\":\"\u00c0 propos de nous\",\"item\":\"https:\/\/elevateclinic.ca\/fr\/a-propos-de-nous\/\"},{\"@type\":\"ListItem\",\"position\":3,\"name\":\"Sara Hughes, B.A.\"}]},{\"@type\":\"WebSite\",\"@id\":\"https:\/\/elevateclinic.ca\/fr\/#website\",\"url\":\"https:\/\/elevateclinic.ca\/fr\/\",\"name\":\"Elevate Psychotherapy and Wellness Clinic\",\"description\":\"| Montreal Psychologists and Neuropsychologists\",\"publisher\":{\"@id\":\"https:\/\/elevateclinic.ca\/fr\/#organization\"},\"potentialAction\":[{\"@type\":\"SearchAction\",\"target\":{\"@type\":\"EntryPoint\",\"urlTemplate\":\"https:\/\/elevateclinic.ca\/fr\/?s={search_term_string}\"},\"query-input\":{\"@type\":\"PropertyValueSpecification\",\"valueRequired\":true,\"valueName\":\"search_term_string\"}}],\"inLanguage\":\"fr-FR\"},{\"@type\":\"Organization\",\"@id\":\"https:\/\/elevateclinic.ca\/fr\/#organization\",\"name\":\"Elevate Psychotherapy and Wellness Clinic\",\"url\":\"https:\/\/elevateclinic.ca\/fr\/\",\"logo\":{\"@type\":\"ImageObject\",\"inLanguage\":\"fr-FR\",\"@id\":\"https:\/\/elevateclinic.ca\/fr\/#\/schema\/logo\/image\/\",\"url\":\"https:\/\/elevateclinic.ca\/wp-content\/uploads\/2023\/04\/Elevate-Logo-large-2.png\",\"contentUrl\":\"https:\/\/elevateclinic.ca\/wp-content\/uploads\/2023\/04\/Elevate-Logo-large-2.png\",\"width\":1000,\"height\":581,\"caption\":\"Elevate Psychotherapy and Wellness Clinic\"},\"image\":{\"@id\":\"https:\/\/elevateclinic.ca\/fr\/#\/schema\/logo\/image\/\"},\"sameAs\":[\"https:\/\/www.facebook.com\/p\/Elevate-Psychotherapy-Wellness-Clinic-61554406267176\/\",\"https:\/\/www.linkedin.com\/company\/101170777\/admin\/dashboard\/\",\"https:\/\/www.psychologytoday.com\/ca\/therapists\/elevate-clinique-montreal-qc\/1305506\",\"https:\/\/www.psychologytoday.com\/ca\/therapists\/elevate-neuropsychology-clinic-laval-qc\/1471723\",\"https:\/\/www.psychologytoday.com\/ca\/therapists\/olivia-kuzyk-westmount-qc\/1047389\",\"https:\/\/www.psychologytoday.com\/ca\/therapists\/cristina-crivello-montreal-qc\/727527\",\"https:\/\/www.linkedin.com\/in\/cristinacrivello\/?originalSubdomain=ca\",\"https:\/\/www.linkedin.com\/in\/olivia-kuzyk-phd-984a8bb4\/?originalSubdomain=ca\",\"https:\/\/www.instagram.com\/elevatewellnessmtl\/\"]}]}<\/script>\n<!-- \/ Yoast SEO plugin. -->","yoast_head_json":{"title":"Sara Hughes, B.A. | Elevate Psychotherapy and Wellness Clinic","robots":{"index":"index","follow":"follow","max-snippet":"max-snippet:-1","max-image-preview":"max-image-preview:large","max-video-preview":"max-video-preview:-1"},"canonical":"https:\/\/elevateclinic.ca\/fr\/a-propos-de-nous\/sara-hughes-b-a\/","og_locale":"fr_FR","og_type":"article","og_title":"Sara Hughes, B.A. | Elevate Psychotherapy and Wellness Clinic","og_description":"Sara Hughes, B.Sc. Coordinatrice des soins cliniques \u00ab&nbsp;Mon objectif est de cr\u00e9er un environnement accueillant o\u00f9 les clients se sentent \u00e9cout\u00e9s avec compassion, empathie et chaleur. Chaque parcours commence par un premier pas courageux, et je m&#8217;engage \u00e0 faire en sorte que ce pas soit accompagn\u00e9 d&#8217;un soutien et d&#8217;un. \u00bb Planifiez une consultation En [&hellip;]","og_url":"https:\/\/elevateclinic.ca\/fr\/a-propos-de-nous\/sara-hughes-b-a\/","og_site_name":"Elevate Psychotherapy and Wellness Clinic","article_publisher":"https:\/\/www.facebook.com\/p\/Elevate-Psychotherapy-Wellness-Clinic-61554406267176\/","article_modified_time":"2025-09-09T04:22:40+00:00","og_image":[{"width":1000,"height":1175,"url":"https:\/\/elevateclinic.ca\/wp-content\/uploads\/2025\/06\/Sara-Hughes-Headshot.jpg","type":"image\/jpeg"}],"twitter_card":"summary_large_image","twitter_misc":{"Dur\u00e9e de lecture estim\u00e9e":"2 minutes"},"schema":{"@context":"https:\/\/schema.org","@graph":[{"@type":"WebPage","@id":"https:\/\/elevateclinic.ca\/fr\/a-propos-de-nous\/sara-hughes-b-a\/","url":"https:\/\/elevateclinic.ca\/fr\/a-propos-de-nous\/sara-hughes-b-a\/","name":"Sara Hughes, B.A. | Elevate Psychotherapy and Wellness Clinic","isPartOf":{"@id":"https:\/\/elevateclinic.ca\/fr\/#website"},"primaryImageOfPage":{"@id":"https:\/\/elevateclinic.ca\/fr\/a-propos-de-nous\/sara-hughes-b-a\/#primaryimage"},"image":{"@id":"https:\/\/elevateclinic.ca\/fr\/a-propos-de-nous\/sara-hughes-b-a\/#primaryimage"},"thumbnailUrl":"https:\/\/elevateclinic.ca\/wp-content\/uploads\/2025\/06\/Sara-Hughes-Headshot.jpg","datePublished":"2025-06-20T22:54:33+00:00","dateModified":"2025-09-09T04:22:40+00:00","breadcrumb":{"@id":"https:\/\/elevateclinic.ca\/fr\/a-propos-de-nous\/sara-hughes-b-a\/#breadcrumb"},"inLanguage":"fr-FR","potentialAction":[{"@type":"ReadAction","target":["https:\/\/elevateclinic.ca\/fr\/a-propos-de-nous\/sara-hughes-b-a\/"]}]},{"@type":"ImageObject","inLanguage":"fr-FR","@id":"https:\/\/elevateclinic.ca\/fr\/a-propos-de-nous\/sara-hughes-b-a\/#primaryimage","url":"https:\/\/elevateclinic.ca\/wp-content\/uploads\/2025\/06\/Sara-Hughes-Headshot.jpg","contentUrl":"https:\/\/elevateclinic.ca\/wp-content\/uploads\/2025\/06\/Sara-Hughes-Headshot.jpg"},{"@type":"BreadcrumbList","@id":"https:\/\/elevateclinic.ca\/fr\/a-propos-de-nous\/sara-hughes-b-a\/#breadcrumb","itemListElement":[{"@type":"ListItem","position":1,"name":"Home","item":"https:\/\/elevateclinic.ca\/fr\/"},{"@type":"ListItem","position":2,"name":"\u00c0 propos de nous","item":"https:\/\/elevateclinic.ca\/fr\/a-propos-de-nous\/"},{"@type":"ListItem","position":3,"name":"Sara Hughes, B.A."}]},{"@type":"WebSite","@id":"https:\/\/elevateclinic.ca\/fr\/#website","url":"https:\/\/elevateclinic.ca\/fr\/","name":"Elevate Psychotherapy and Wellness Clinic","description":"| Montreal Psychologists and Neuropsychologists","publisher":{"@id":"https:\/\/elevateclinic.ca\/fr\/#organization"},"potentialAction":[{"@type":"SearchAction","target":{"@type":"EntryPoint","urlTemplate":"https:\/\/elevateclinic.ca\/fr\/?s={search_term_string}"},"query-input":{"@type":"PropertyValueSpecification","valueRequired":true,"valueName":"search_term_string"}}],"inLanguage":"fr-FR"},{"@type":"Organization","@id":"https:\/\/elevateclinic.ca\/fr\/#organization","name":"Elevate Psychotherapy and Wellness Clinic","url":"https:\/\/elevateclinic.ca\/fr\/","logo":{"@type":"ImageObject","inLanguage":"fr-FR","@id":"https:\/\/elevateclinic.ca\/fr\/#\/schema\/logo\/image\/","url":"https:\/\/elevateclinic.ca\/wp-content\/uploads\/2023\/04\/Elevate-Logo-large-2.png","contentUrl":"https:\/\/elevateclinic.ca\/wp-content\/uploads\/2023\/04\/Elevate-Logo-large-2.png","width":1000,"height":581,"caption":"Elevate Psychotherapy and Wellness Clinic"},"image":{"@id":"https:\/\/elevateclinic.ca\/fr\/#\/schema\/logo\/image\/"},"sameAs":["https:\/\/www.facebook.com\/p\/Elevate-Psychotherapy-Wellness-Clinic-61554406267176\/","https:\/\/www.linkedin.com\/company\/101170777\/admin\/dashboard\/","https:\/\/www.psychologytoday.com\/ca\/therapists\/elevate-clinique-montreal-qc\/1305506","https:\/\/www.psychologytoday.com\/ca\/therapists\/elevate-neuropsychology-clinic-laval-qc\/1471723","https:\/\/www.psychologytoday.com\/ca\/therapists\/olivia-kuzyk-westmount-qc\/1047389","https:\/\/www.psychologytoday.com\/ca\/therapists\/cristina-crivello-montreal-qc\/727527","https:\/\/www.linkedin.com\/in\/cristinacrivello\/?originalSubdomain=ca","https:\/\/www.linkedin.com\/in\/olivia-kuzyk-phd-984a8bb4\/?originalSubdomain=ca","https:\/\/www.instagram.com\/elevatewellnessmtl\/"]}]}},"_links":{"self":[{"href":"https:\/\/elevateclinic.ca\/fr\/wp-json\/wp\/v2\/pages\/5533","targetHints":{"allow":["GET"]}}],"collection":[{"href":"https:\/\/elevateclinic.ca\/fr\/wp-json\/wp\/v2\/pages"}],"about":[{"href":"https:\/\/elevateclinic.ca\/fr\/wp-json\/wp\/v2\/types\/page"}],"author":[{"embeddable":true,"href":"https:\/\/elevateclinic.ca\/fr\/wp-json\/wp\/v2\/users\/1"}],"replies":[{"embeddable":true,"href":"https:\/\/elevateclinic.ca\/fr\/wp-json\/wp\/v2\/comments?post=5533"}],"version-history":[{"count":11,"href":"https:\/\/elevateclinic.ca\/fr\/wp-json\/wp\/v2\/pages\/5533\/revisions"}],"predecessor-version":[{"id":5753,"href":"https:\/\/elevateclinic.ca\/fr\/wp-json\/wp\/v2\/pages\/5533\/revisions\/5753"}],"up":[{"embeddable":true,"href":"https:\/\/elevateclinic.ca\/fr\/wp-json\/wp\/v2\/pages\/1458"}],"wp:attachment":[{"href":"https:\/\/elevateclinic.ca\/fr\/wp-json\/wp\/v2\/media?parent=5533"}],"curies":[{"name":"wp","href":"https:\/\/api.w.org\/{rel}","templated":true}]}}