{"id":5849,"date":"2025-10-17T18:46:58","date_gmt":"2025-10-17T22:46:58","guid":{"rendered":"https:\/\/elevateclinic.ca\/victoria-fratino-doctorante\/"},"modified":"2025-10-31T02:30:21","modified_gmt":"2025-10-31T06:30:21","slug":"victoria-fratino-doctorante","status":"publish","type":"page","link":"https:\/\/elevateclinic.ca\/fr\/a-propos-de-nous\/victoria-fratino-doctorante\/","title":{"rendered":"Victoria Fratino, doctorante"},"content":{"rendered":"\t\t<div data-elementor-type=\"wp-page\" data-elementor-id=\"5849\" class=\"elementor elementor-5849 elementor-5835\" data-elementor-post-type=\"page\">\n\t\t\t\t\t\t<section class=\"elementor-section elementor-top-section elementor-element elementor-element-2bdb9a6e elementor-section-height-min-height bio-banner elementor-section-boxed elementor-section-height-default elementor-section-items-middle\" data-id=\"2bdb9a6e\" data-element_type=\"section\" data-settings=\"{&quot;background_background&quot;:&quot;classic&quot;}\">\n\t\t\t\t\t\t\t<div class=\"elementor-background-overlay\"><\/div>\n\t\t\t\t\t\t\t<div class=\"elementor-container elementor-column-gap-default\">\n\t\t\t\t\t<div class=\"elementor-column elementor-col-100 elementor-top-column elementor-element elementor-element-7fa1fd03\" data-id=\"7fa1fd03\" data-element_type=\"column\" data-settings=\"{&quot;background_background&quot;:&quot;classic&quot;}\">\n\t\t\t<div class=\"elementor-widget-wrap elementor-element-populated\">\n\t\t\t\t\t<div class=\"elementor-background-overlay\"><\/div>\n\t\t\t\t\t\t<div class=\"elementor-element elementor-element-5c7f8deb elementor-widget elementor-widget-heading\" data-id=\"5c7f8deb\" data-element_type=\"widget\" data-widget_type=\"heading.default\">\n\t\t\t\t<div class=\"elementor-widget-container\">\n\t\t\t\t\t<h1 class=\"elementor-heading-title elementor-size-default\">Victoria Fratino, MA<\/h1>\t\t\t\t<\/div>\n\t\t\t\t<\/div>\n\t\t\t\t<div class=\"elementor-element elementor-element-4911ef7c elementor-widget elementor-widget-heading\" data-id=\"4911ef7c\" data-element_type=\"widget\" data-widget_type=\"heading.default\">\n\t\t\t\t<div class=\"elementor-widget-container\">\n\t\t\t\t\t<h4 class=\"elementor-heading-title elementor-size-default\">Doctorante en psychologie clinique<\/h4>\t\t\t\t<\/div>\n\t\t\t\t<\/div>\n\t\t\t\t\t<\/div>\n\t\t<\/div>\n\t\t\t\t\t<\/div>\n\t\t<\/section>\n\t\t\t\t<section class=\"elementor-section elementor-top-section elementor-element elementor-element-66050688 bio-photo-section elementor-section-boxed elementor-section-height-default elementor-section-height-default\" data-id=\"66050688\" data-element_type=\"section\">\n\t\t\t\t\t\t<div class=\"elementor-container elementor-column-gap-default\">\n\t\t\t\t\t<div class=\"elementor-column elementor-col-50 elementor-top-column elementor-element elementor-element-1b5b3092\" data-id=\"1b5b3092\" data-element_type=\"column\">\n\t\t\t<div class=\"elementor-widget-wrap elementor-element-populated\">\n\t\t\t\t\t\t<div class=\"elementor-element elementor-element-58293d14 elementor-widget elementor-widget-image\" data-id=\"58293d14\" data-element_type=\"widget\" data-widget_type=\"image.default\">\n\t\t\t\t<div class=\"elementor-widget-container\">\n\t\t\t\t\t\t\t\t\t\t\t\t\t\t\t<img fetchpriority=\"high\" decoding=\"async\" width=\"1000\" height=\"1175\" src=\"https:\/\/elevateclinic.ca\/wp-content\/uploads\/2025\/10\/Victoria-Headshot.jpg\" class=\"attachment-full size-full wp-image-5843\" alt=\"\" srcset=\"https:\/\/elevateclinic.ca\/wp-content\/uploads\/2025\/10\/Victoria-Headshot.jpg 1000w, https:\/\/elevateclinic.ca\/wp-content\/uploads\/2025\/10\/Victoria-Headshot-255x300.jpg 255w, https:\/\/elevateclinic.ca\/wp-content\/uploads\/2025\/10\/Victoria-Headshot-871x1024.jpg 871w, https:\/\/elevateclinic.ca\/wp-content\/uploads\/2025\/10\/Victoria-Headshot-768x902.jpg 768w\" sizes=\"(max-width: 1000px) 100vw, 1000px\" \/>\t\t\t\t\t\t\t\t\t\t\t\t\t\t\t<\/div>\n\t\t\t\t<\/div>\n\t\t\t\t\t<\/div>\n\t\t<\/div>\n\t\t\t\t<div class=\"elementor-column elementor-col-50 elementor-top-column elementor-element elementor-element-14c8c04f\" data-id=\"14c8c04f\" data-element_type=\"column\">\n\t\t\t<div class=\"elementor-widget-wrap elementor-element-populated\">\n\t\t\t\t\t\t<div class=\"elementor-element elementor-element-576b6d6a elementor-widget elementor-widget-image\" data-id=\"576b6d6a\" data-element_type=\"widget\" data-widget_type=\"image.default\">\n\t\t\t\t<div class=\"elementor-widget-container\">\n\t\t\t\t\t\t\t\t\t\t\t\t\t\t\t<img decoding=\"async\" width=\"946\" height=\"946\" src=\"https:\/\/elevateclinic.ca\/wp-content\/uploads\/2024\/08\/circle-logo.png\" class=\"attachment-full size-full wp-image-3953\" alt=\"\" srcset=\"https:\/\/elevateclinic.ca\/wp-content\/uploads\/2024\/08\/circle-logo.png 946w, https:\/\/elevateclinic.ca\/wp-content\/uploads\/2024\/08\/circle-logo-300x300.png 300w, https:\/\/elevateclinic.ca\/wp-content\/uploads\/2024\/08\/circle-logo-150x150.png 150w, https:\/\/elevateclinic.ca\/wp-content\/uploads\/2024\/08\/circle-logo-768x768.png 768w\" sizes=\"(max-width: 946px) 100vw, 946px\" \/>\t\t\t\t\t\t\t\t\t\t\t\t\t\t\t<\/div>\n\t\t\t\t<\/div>\n\t\t\t\t<div class=\"elementor-element elementor-element-1f43e167 elementor-widget__width-initial elementor-widget elementor-widget-heading\" data-id=\"1f43e167\" data-element_type=\"widget\" data-widget_type=\"heading.default\">\n\t\t\t\t<div class=\"elementor-widget-container\">\n\t\t\t\t\t<h4 class=\"elementor-heading-title elementor-size-default\">\u00ab Je suis passionn\u00e9e par le travail avec les enfants et les adolescents et je m'efforce d'offrir un espace bienveillant et s\u00e9curisant propice au changement et \u00e0 l'apprentissage. \u00bb<\/h4>\t\t\t\t<\/div>\n\t\t\t\t<\/div>\n\t\t\t\t<div class=\"elementor-element elementor-element-71982536 elementor-mobile-align-center elementor-align-center elementor-widget elementor-widget-button\" data-id=\"71982536\" data-element_type=\"widget\" data-widget_type=\"button.default\">\n\t\t\t\t<div class=\"elementor-widget-container\">\n\t\t\t\t\t\t\t\t\t<div class=\"elementor-button-wrapper\">\n\t\t\t\t\t<a class=\"elementor-button elementor-button-link elementor-size-sm\" href=\"https:\/\/elevateclinic.ca\/fr\/contactez-nous\/#contact-form\">\n\t\t\t\t\t\t<span class=\"elementor-button-content-wrapper\">\n\t\t\t\t\t\t\t\t\t<span class=\"elementor-button-text\">Planifiez une consultation<\/span>\n\t\t\t\t\t<\/span>\n\t\t\t\t\t<\/a>\n\t\t\t\t<\/div>\n\t\t\t\t\t\t\t\t<\/div>\n\t\t\t\t<\/div>\n\t\t\t\t\t<\/div>\n\t\t<\/div>\n\t\t\t\t\t<\/div>\n\t\t<\/section>\n\t\t\t\t<section class=\"elementor-section elementor-top-section elementor-element elementor-element-79e8aa8 elementor-section-boxed elementor-section-height-default elementor-section-height-default\" data-id=\"79e8aa8\" data-element_type=\"section\">\n\t\t\t\t\t\t<div class=\"elementor-container elementor-column-gap-default\">\n\t\t\t\t\t<div class=\"elementor-column elementor-col-50 elementor-top-column elementor-element elementor-element-392e76d6 bio-expertise-col\" data-id=\"392e76d6\" data-element_type=\"column\" data-settings=\"{&quot;background_background&quot;:&quot;classic&quot;}\">\n\t\t\t<div class=\"elementor-widget-wrap elementor-element-populated\">\n\t\t\t\t\t\t<section class=\"elementor-section elementor-inner-section elementor-element elementor-element-58da10ac elementor-section-boxed elementor-section-height-default elementor-section-height-default\" data-id=\"58da10ac\" data-element_type=\"section\">\n\t\t\t\t\t\t<div class=\"elementor-container elementor-column-gap-default\">\n\t\t\t\t\t<div class=\"elementor-column elementor-col-100 elementor-inner-column elementor-element elementor-element-a773b3\" data-id=\"a773b3\" data-element_type=\"column\">\n\t\t\t<div class=\"elementor-widget-wrap elementor-element-populated\">\n\t\t\t\t\t\t<div class=\"elementor-element elementor-element-4c8546fa elementor-widget elementor-widget-heading\" data-id=\"4c8546fa\" data-element_type=\"widget\" data-widget_type=\"heading.default\">\n\t\t\t\t<div class=\"elementor-widget-container\">\n\t\t\t\t\t<h4 class=\"elementor-heading-title elementor-size-default\">Comp\u00e9tence<\/h4>\t\t\t\t<\/div>\n\t\t\t\t<\/div>\n\t\t\t\t<div class=\"elementor-element elementor-element-57cf5b09 elementor-widget elementor-widget-spacer\" data-id=\"57cf5b09\" data-element_type=\"widget\" data-widget_type=\"spacer.default\">\n\t\t\t\t<div class=\"elementor-widget-container\">\n\t\t\t\t\t\t\t<div class=\"elementor-spacer\">\n\t\t\t<div class=\"elementor-spacer-inner\"><\/div>\n\t\t<\/div>\n\t\t\t\t\t\t<\/div>\n\t\t\t\t<\/div>\n\t\t\t\t<div class=\"elementor-element elementor-element-6f0552b6 elementor-widget elementor-widget-heading\" data-id=\"6f0552b6\" data-element_type=\"widget\" data-widget_type=\"heading.default\">\n\t\t\t\t<div class=\"elementor-widget-container\">\n\t\t\t\t\t<h4 class=\"elementor-heading-title elementor-size-default\">Victoria est sp\u00e9cialis\u00e9e dans les domaines suivants :<br><\/h4>\t\t\t\t<\/div>\n\t\t\t\t<\/div>\n\t\t\t\t<div class=\"elementor-element elementor-element-af7e6d7 elementor-widget elementor-widget-text-editor\" data-id=\"af7e6d7\" data-element_type=\"widget\" data-widget_type=\"text-editor.default\">\n\t\t\t\t<div class=\"elementor-widget-container\">\n\t\t\t\t\t\t\t\t\t<ul><li>Troubles anxieux <\/li><li>\u00c9panouissement personnel <\/li><li>G\u00e9rer le stress<\/li><\/ul>\t\t\t\t\t\t\t\t<\/div>\n\t\t\t\t<\/div>\n\t\t\t\t<div class=\"elementor-element elementor-element-403cb14c elementor-widget elementor-widget-heading\" data-id=\"403cb14c\" data-element_type=\"widget\" data-widget_type=\"heading.default\">\n\t\t\t\t<div class=\"elementor-widget-container\">\n\t\t\t\t\t<h4 class=\"elementor-heading-title elementor-size-default\">Victoria peut \u00e9galement aider dans les domaines suivants :<\/h4>\t\t\t\t<\/div>\n\t\t\t\t<\/div>\n\t\t\t\t<div class=\"elementor-element elementor-element-4e517ead elementor-widget elementor-widget-text-editor\" data-id=\"4e517ead\" data-element_type=\"widget\" data-widget_type=\"text-editor.default\">\n\t\t\t\t<div class=\"elementor-widget-container\">\n\t\t\t\t\t\t\t\t\t<ul><li>Trouble du d\u00e9ficit de l\u2019attention\/hyperactivit\u00e9 (TDAH)<\/li><li>Trouble du spectre de l\u2019autisme (TSA)<\/li><\/ul>\t\t\t\t\t\t\t\t<\/div>\n\t\t\t\t<\/div>\n\t\t\t\t\t<\/div>\n\t\t<\/div>\n\t\t\t\t\t<\/div>\n\t\t<\/section>\n\t\t\t\t\t<\/div>\n\t\t<\/div>\n\t\t\t\t<div class=\"elementor-column elementor-col-50 elementor-top-column elementor-element elementor-element-59ca81ba bio-icons-col\" data-id=\"59ca81ba\" data-element_type=\"column\">\n\t\t\t<div class=\"elementor-widget-wrap elementor-element-populated\">\n\t\t\t\t\t\t<section class=\"elementor-section elementor-inner-section elementor-element elementor-element-26f72446 elementor-section-boxed elementor-section-height-default elementor-section-height-default\" data-id=\"26f72446\" data-element_type=\"section\">\n\t\t\t\t\t\t<div class=\"elementor-container elementor-column-gap-default\">\n\t\t\t\t\t<div class=\"elementor-column elementor-col-50 elementor-inner-column elementor-element elementor-element-4124219b\" data-id=\"4124219b\" data-element_type=\"column\" data-settings=\"{&quot;background_background&quot;:&quot;classic&quot;}\">\n\t\t\t<div class=\"elementor-widget-wrap elementor-element-populated\">\n\t\t\t\t\t\t<div class=\"elementor-element elementor-element-3d71be20 elementor-widget elementor-widget-image\" data-id=\"3d71be20\" data-element_type=\"widget\" data-widget_type=\"image.default\">\n\t\t\t\t<div class=\"elementor-widget-container\">\n\t\t\t\t\t\t\t\t\t\t\t\t\t\t\t<img decoding=\"async\" width=\"304\" height=\"304\" src=\"https:\/\/elevateclinic.ca\/wp-content\/uploads\/2024\/08\/clientele-box-fr.png\" class=\"attachment-full size-full wp-image-4435\" alt=\"\" srcset=\"https:\/\/elevateclinic.ca\/wp-content\/uploads\/2024\/08\/clientele-box-fr.png 304w, https:\/\/elevateclinic.ca\/wp-content\/uploads\/2024\/08\/clientele-box-fr-300x300.png 300w, https:\/\/elevateclinic.ca\/wp-content\/uploads\/2024\/08\/clientele-box-fr-150x150.png 150w\" sizes=\"(max-width: 304px) 100vw, 304px\" \/>\t\t\t\t\t\t\t\t\t\t\t\t\t\t\t<\/div>\n\t\t\t\t<\/div>\n\t\t\t\t\t<\/div>\n\t\t<\/div>\n\t\t\t\t<div class=\"elementor-column elementor-col-50 elementor-inner-column elementor-element elementor-element-2aefd3b4\" data-id=\"2aefd3b4\" data-element_type=\"column\">\n\t\t\t<div class=\"elementor-widget-wrap elementor-element-populated\">\n\t\t\t\t\t\t<div class=\"elementor-element elementor-element-79d35366 elementor-widget elementor-widget-text-editor\" data-id=\"79d35366\" data-element_type=\"widget\" data-widget_type=\"text-editor.default\">\n\t\t\t\t<div class=\"elementor-widget-container\">\n\t\t\t\t\t\t\t\t\t<ul><li>Enfants d\u2019\u00e2ge pr\u00e9scolaire<\/li><li>Enfants d&#8217;\u00e2ge scolaire<\/li><li>Adolescents<\/li><li>Jeunes adultes<\/li><\/ul>\t\t\t\t\t\t\t\t<\/div>\n\t\t\t\t<\/div>\n\t\t\t\t\t<\/div>\n\t\t<\/div>\n\t\t\t\t\t<\/div>\n\t\t<\/section>\n\t\t\t\t<section class=\"elementor-section elementor-inner-section elementor-element elementor-element-12335149 elementor-section-boxed elementor-section-height-default elementor-section-height-default\" data-id=\"12335149\" data-element_type=\"section\">\n\t\t\t\t\t\t<div class=\"elementor-container elementor-column-gap-default\">\n\t\t\t\t\t<div class=\"elementor-column elementor-col-50 elementor-inner-column elementor-element elementor-element-22a49aa5\" data-id=\"22a49aa5\" data-element_type=\"column\" data-settings=\"{&quot;background_background&quot;:&quot;classic&quot;}\">\n\t\t\t<div class=\"elementor-widget-wrap elementor-element-populated\">\n\t\t\t\t\t\t<div class=\"elementor-element elementor-element-2a6bbc94 elementor-widget elementor-widget-image\" data-id=\"2a6bbc94\" data-element_type=\"widget\" data-widget_type=\"image.default\">\n\t\t\t\t<div class=\"elementor-widget-container\">\n\t\t\t\t\t\t\t\t\t\t\t\t\t\t\t<img loading=\"lazy\" decoding=\"async\" width=\"304\" height=\"304\" src=\"https:\/\/elevateclinic.ca\/wp-content\/uploads\/2024\/08\/therapeutic-approaches-box-FR.png\" class=\"attachment-full size-full wp-image-4437\" alt=\"\" srcset=\"https:\/\/elevateclinic.ca\/wp-content\/uploads\/2024\/08\/therapeutic-approaches-box-FR.png 304w, https:\/\/elevateclinic.ca\/wp-content\/uploads\/2024\/08\/therapeutic-approaches-box-FR-300x300.png 300w, https:\/\/elevateclinic.ca\/wp-content\/uploads\/2024\/08\/therapeutic-approaches-box-FR-150x150.png 150w\" sizes=\"(max-width: 304px) 100vw, 304px\" \/>\t\t\t\t\t\t\t\t\t\t\t\t\t\t\t<\/div>\n\t\t\t\t<\/div>\n\t\t\t\t\t<\/div>\n\t\t<\/div>\n\t\t\t\t<div class=\"elementor-column elementor-col-50 elementor-inner-column elementor-element elementor-element-7f6f847f\" data-id=\"7f6f847f\" data-element_type=\"column\">\n\t\t\t<div class=\"elementor-widget-wrap elementor-element-populated\">\n\t\t\t\t\t\t<div class=\"elementor-element elementor-element-34a4d0fb elementor-widget elementor-widget-text-editor\" data-id=\"34a4d0fb\" data-element_type=\"widget\" data-widget_type=\"text-editor.default\">\n\t\t\t\t<div class=\"elementor-widget-container\">\n\t\t\t\t\t\t\t\t\t<ul><li><a href=\"https:\/\/elevateclinic.ca\/fr\/therapie-dacceptation-et-dengagement-act\/\">Th\u00e9rapie d\u2019acceptation et d\u2019engagement<\/a> (ACT)<\/li><li><a href=\"https:\/\/elevateclinic.ca\/fr\/therapie-comportementale-et-cognitive-tcc\/\">Th\u00e9rapie cognitivo-comportementale<\/a> (TCC)<\/li><li><a href=\"https:\/\/elevateclinic.ca\/fr\/therapie-fondee-sur-la-compassion\/\">Th\u00e9rapie fond\u00e9e sur la compassion<\/a> (TFC)<\/li><li><a href=\"https:\/\/elevateclinic.ca\/fr\/la-therapie-axee-sur-les-emotions-tae\/\">Th\u00e9rapie centr\u00e9e sur l\u2019\u00e9motion<\/a> (TC\u00c9)<\/li><li><a href=\"https:\/\/elevateclinic.ca\/fr\/therapie-cognitivo-comportementale-axee-sur-le-trauma-tf-cbt\/\">Th\u00e9rapie cognitivo-comportementale ax\u00e9e sur le traumatisme (TCC-T)<\/a><\/li><\/ul>\t\t\t\t\t\t\t\t<\/div>\n\t\t\t\t<\/div>\n\t\t\t\t\t<\/div>\n\t\t<\/div>\n\t\t\t\t\t<\/div>\n\t\t<\/section>\n\t\t\t\t\t<\/div>\n\t\t<\/div>\n\t\t\t\t\t<\/div>\n\t\t<\/section>\n\t\t\t\t<section class=\"elementor-section elementor-top-section elementor-element elementor-element-3bf4ff18 bio-learnmore elementor-section-boxed elementor-section-height-default elementor-section-height-default\" data-id=\"3bf4ff18\" data-element_type=\"section\" data-settings=\"{&quot;background_background&quot;:&quot;classic&quot;}\">\n\t\t\t\t\t\t<div class=\"elementor-container elementor-column-gap-default\">\n\t\t\t\t\t<div class=\"elementor-column elementor-col-50 elementor-top-column elementor-element elementor-element-475898b6\" data-id=\"475898b6\" data-element_type=\"column\">\n\t\t\t<div class=\"elementor-widget-wrap elementor-element-populated\">\n\t\t\t\t\t\t<div class=\"elementor-element elementor-element-75641844 elementor-widget elementor-widget-heading\" data-id=\"75641844\" data-element_type=\"widget\" data-widget_type=\"heading.default\">\n\t\t\t\t<div class=\"elementor-widget-container\">\n\t\t\t\t\t<h4 class=\"elementor-heading-title elementor-size-default\">En savoir plus sur Victoria <\/h4>\t\t\t\t<\/div>\n\t\t\t\t<\/div>\n\t\t\t\t<div class=\"elementor-element elementor-element-148356b9 elementor-widget elementor-widget-text-editor\" data-id=\"148356b9\" data-element_type=\"widget\" data-widget_type=\"text-editor.default\">\n\t\t\t\t<div class=\"elementor-widget-container\">\n\t\t\t\t\t\t\t\t\t<h2>\u00c9tudes et titres de comp\u00e9tences<\/h2><p>Victoria est actuellement doctorante en psychologie clinique \u00e0 l&#8217;Universit\u00e9 Concordia \u00e0 Montr\u00e9al, au Qu\u00e9bec. Ses recherches portent sur le d\u00e9veloppement cognitif et linguistique des nourrissons et des jeunes enfants, en se concentrant particuli\u00e8rement sur l\u2019influence du multilinguisme dans la formation des comp\u00e9tences cognitives. Elle est titulaire d&#8217;une bourse d&#8217;\u00e9tudes sup\u00e9rieures comp\u00e9titive du Conseil de recherches en sciences humaines et a pr\u00e9sent\u00e9 ses r\u00e9sultats lors de conf\u00e9rences provinciales et internationales.<\/p><h2>Formation et exp\u00e9riences<\/h2><p>La formation clinique de Victoria est ax\u00e9e sur la psychologie p\u00e9diatrique. Elle a travaill\u00e9 avec des nourrissons et de jeunes enfants \u00e0 la clinique de suivi n\u00e9onatal de l&#8217;H\u00f4pital g\u00e9n\u00e9ral juif, ainsi qu&#8217;avec des enfants et des pr\u00e9adolescents au Centre de psychologie appliqu\u00e9e de l&#8217;Universit\u00e9 Concordia. Elle a notamment r\u00e9alis\u00e9 des \u00e9valuations compl\u00e8tes du d\u00e9veloppement, des troubles d&#8217;apprentissage et du trouble d\u00e9ficitaire de l&#8217;attention avec hyperactivit\u00e9 (TDAH). Dans le cadre de ses fonctions cliniques, Victoria a \u00e9galement fourni du soutien bas\u00e9 sur la th\u00e9rapie cognitivo-comportementale (TCC), en mettant l&#8217;accent sur la r\u00e9gulation des \u00e9motions et la gestion de l&#8217;anxi\u00e9t\u00e9.<\/p><h2>Travail actuel<\/h2><p>Victoria termine actuellement son deuxi\u00e8me stage clinique externe \u00e0 Elevate Psychotherapy &amp; Wellness Clinic, o\u00f9 elle travaille avec des enfants, des adolescents et de jeunes adultes confront\u00e9s \u00e0 divers probl\u00e8mes \u00e9motionnels et comportementaux. Elle travaille \u00e0 cr\u00e9er un environnement chaleureux, compr\u00e9hensif et encourageant qui permet aux clients d&#8217;exprimer ouvertement leurs sentiments. S&#8217;appuyant sur un ensemble \u00e9clectique d&#8217;approches th\u00e9rapeutiques, notamment la th\u00e9rapie cognitivo-comportementale (TCC) et la th\u00e9rapie d&#8217;acceptation et d&#8217;engagement (TAE), Victoria adapte ses s\u00e9ances aux besoins uniques de chaque client.<\/p>\t\t\t\t\t\t\t\t<\/div>\n\t\t\t\t<\/div>\n\t\t\t\t<div class=\"elementor-element elementor-element-11ff547 elementor-mobile-align-center elementor-widget elementor-widget-button\" data-id=\"11ff547\" data-element_type=\"widget\" data-widget_type=\"button.default\">\n\t\t\t\t<div class=\"elementor-widget-container\">\n\t\t\t\t\t\t\t\t\t<div class=\"elementor-button-wrapper\">\n\t\t\t\t\t<a class=\"elementor-button elementor-button-link elementor-size-sm\" href=\"https:\/\/elevateclinic.ca\/fr\/contactez-nous\/#contact-form\">\n\t\t\t\t\t\t<span class=\"elementor-button-content-wrapper\">\n\t\t\t\t\t\t\t\t\t<span class=\"elementor-button-text\">Planifiez une consultation<\/span>\n\t\t\t\t\t<\/span>\n\t\t\t\t\t<\/a>\n\t\t\t\t<\/div>\n\t\t\t\t\t\t\t\t<\/div>\n\t\t\t\t<\/div>\n\t\t\t\t\t<\/div>\n\t\t<\/div>\n\t\t\t\t<div class=\"elementor-column elementor-col-50 elementor-top-column elementor-element elementor-element-39314d1f\" data-id=\"39314d1f\" data-element_type=\"column\" data-settings=\"{&quot;background_background&quot;:&quot;classic&quot;}\">\n\t\t\t<div class=\"elementor-widget-wrap elementor-element-populated\">\n\t\t\t\t\t\t<div class=\"elementor-element elementor-element-14df6a84 elementor-widget elementor-widget-spacer\" data-id=\"14df6a84\" data-element_type=\"widget\" data-widget_type=\"spacer.default\">\n\t\t\t\t<div class=\"elementor-widget-container\">\n\t\t\t\t\t\t\t<div class=\"elementor-spacer\">\n\t\t\t<div class=\"elementor-spacer-inner\"><\/div>\n\t\t<\/div>\n\t\t\t\t\t\t<\/div>\n\t\t\t\t<\/div>\n\t\t\t\t\t<\/div>\n\t\t<\/div>\n\t\t\t\t\t<\/div>\n\t\t<\/section>\n\t\t\t\t<\/div>\n\t\t","protected":false},"excerpt":{"rendered":"<p>Victoria Fratino, MA Doctorante en psychologie clinique \u00ab Je suis passionn\u00e9e par le travail avec les enfants et les adolescents et je m&#8217;efforce d&#8217;offrir un espace bienveillant et s\u00e9curisant propice au changement et \u00e0 l&#8217;apprentissage. \u00bb Planifiez une consultation Comp\u00e9tence Victoria est sp\u00e9cialis\u00e9e dans les domaines suivants : Troubles anxieux \u00c9panouissement personnel G\u00e9rer le stress [&hellip;]<\/p>\n","protected":false},"author":1,"featured_media":0,"parent":1458,"menu_order":0,"comment_status":"closed","ping_status":"closed","template":"","meta":{"_acf_changed":false,"footnotes":""},"class_list":["post-5849","page","type-page","status-publish","hentry"],"acf":[],"yoast_head":"<!-- This site is optimized with the Yoast SEO plugin v25.4 - https:\/\/yoast.com\/wordpress\/plugins\/seo\/ -->\n<title>Victoria Fratino, doctorante | Elevate Psychotherapy and Wellness Clinic<\/title>\n<meta name=\"robots\" content=\"index, follow, max-snippet:-1, max-image-preview:large, max-video-preview:-1\" \/>\n<link rel=\"canonical\" href=\"https:\/\/elevateclinic.ca\/fr\/a-propos-de-nous\/victoria-fratino-doctorante\/\" \/>\n<meta property=\"og:locale\" content=\"fr_FR\" \/>\n<meta property=\"og:type\" content=\"article\" \/>\n<meta property=\"og:title\" content=\"Victoria Fratino, doctorante | Elevate Psychotherapy and Wellness Clinic\" \/>\n<meta property=\"og:description\" content=\"Victoria Fratino, MA Doctorante en psychologie clinique \u00ab Je suis passionn\u00e9e par le travail avec les enfants et les adolescents et je m&#8217;efforce d&#8217;offrir un espace bienveillant et s\u00e9curisant propice au changement et \u00e0 l&#8217;apprentissage. \u00bb Planifiez une consultation Comp\u00e9tence Victoria est sp\u00e9cialis\u00e9e dans les domaines suivants : Troubles anxieux \u00c9panouissement personnel G\u00e9rer le stress [&hellip;]\" \/>\n<meta property=\"og:url\" content=\"https:\/\/elevateclinic.ca\/fr\/a-propos-de-nous\/victoria-fratino-doctorante\/\" \/>\n<meta property=\"og:site_name\" content=\"Elevate Psychotherapy and Wellness Clinic\" \/>\n<meta property=\"article:publisher\" content=\"https:\/\/www.facebook.com\/p\/Elevate-Psychotherapy-Wellness-Clinic-61554406267176\/\" \/>\n<meta property=\"article:modified_time\" content=\"2025-10-31T06:30:21+00:00\" \/>\n<meta property=\"og:image\" content=\"https:\/\/elevateclinic.ca\/wp-content\/uploads\/2025\/10\/Victoria-Headshot.jpg\" \/>\n\t<meta property=\"og:image:width\" content=\"1000\" \/>\n\t<meta property=\"og:image:height\" content=\"1175\" \/>\n\t<meta property=\"og:image:type\" content=\"image\/jpeg\" \/>\n<meta name=\"twitter:card\" content=\"summary_large_image\" \/>\n<meta name=\"twitter:label1\" content=\"Dur\u00e9e de lecture estim\u00e9e\" \/>\n\t<meta name=\"twitter:data1\" content=\"2 minutes\" \/>\n<script type=\"application\/ld+json\" class=\"yoast-schema-graph\">{\"@context\":\"https:\/\/schema.org\",\"@graph\":[{\"@type\":\"WebPage\",\"@id\":\"https:\/\/elevateclinic.ca\/fr\/a-propos-de-nous\/victoria-fratino-doctorante\/\",\"url\":\"https:\/\/elevateclinic.ca\/fr\/a-propos-de-nous\/victoria-fratino-doctorante\/\",\"name\":\"Victoria Fratino, doctorante | Elevate Psychotherapy and Wellness Clinic\",\"isPartOf\":{\"@id\":\"https:\/\/elevateclinic.ca\/fr\/#website\"},\"primaryImageOfPage\":{\"@id\":\"https:\/\/elevateclinic.ca\/fr\/a-propos-de-nous\/victoria-fratino-doctorante\/#primaryimage\"},\"image\":{\"@id\":\"https:\/\/elevateclinic.ca\/fr\/a-propos-de-nous\/victoria-fratino-doctorante\/#primaryimage\"},\"thumbnailUrl\":\"https:\/\/elevateclinic.ca\/wp-content\/uploads\/2025\/10\/Victoria-Headshot.jpg\",\"datePublished\":\"2025-10-17T22:46:58+00:00\",\"dateModified\":\"2025-10-31T06:30:21+00:00\",\"breadcrumb\":{\"@id\":\"https:\/\/elevateclinic.ca\/fr\/a-propos-de-nous\/victoria-fratino-doctorante\/#breadcrumb\"},\"inLanguage\":\"fr-FR\",\"potentialAction\":[{\"@type\":\"ReadAction\",\"target\":[\"https:\/\/elevateclinic.ca\/fr\/a-propos-de-nous\/victoria-fratino-doctorante\/\"]}]},{\"@type\":\"ImageObject\",\"inLanguage\":\"fr-FR\",\"@id\":\"https:\/\/elevateclinic.ca\/fr\/a-propos-de-nous\/victoria-fratino-doctorante\/#primaryimage\",\"url\":\"https:\/\/elevateclinic.ca\/wp-content\/uploads\/2025\/10\/Victoria-Headshot.jpg\",\"contentUrl\":\"https:\/\/elevateclinic.ca\/wp-content\/uploads\/2025\/10\/Victoria-Headshot.jpg\"},{\"@type\":\"BreadcrumbList\",\"@id\":\"https:\/\/elevateclinic.ca\/fr\/a-propos-de-nous\/victoria-fratino-doctorante\/#breadcrumb\",\"itemListElement\":[{\"@type\":\"ListItem\",\"position\":1,\"name\":\"Home\",\"item\":\"https:\/\/elevateclinic.ca\/fr\/\"},{\"@type\":\"ListItem\",\"position\":2,\"name\":\"\u00c0 propos de nous\",\"item\":\"https:\/\/elevateclinic.ca\/fr\/a-propos-de-nous\/\"},{\"@type\":\"ListItem\",\"position\":3,\"name\":\"Victoria Fratino, doctorante\"}]},{\"@type\":\"WebSite\",\"@id\":\"https:\/\/elevateclinic.ca\/fr\/#website\",\"url\":\"https:\/\/elevateclinic.ca\/fr\/\",\"name\":\"Elevate Psychotherapy and Wellness Clinic\",\"description\":\"| Montreal Psychologists and Neuropsychologists\",\"publisher\":{\"@id\":\"https:\/\/elevateclinic.ca\/fr\/#organization\"},\"potentialAction\":[{\"@type\":\"SearchAction\",\"target\":{\"@type\":\"EntryPoint\",\"urlTemplate\":\"https:\/\/elevateclinic.ca\/fr\/?s={search_term_string}\"},\"query-input\":{\"@type\":\"PropertyValueSpecification\",\"valueRequired\":true,\"valueName\":\"search_term_string\"}}],\"inLanguage\":\"fr-FR\"},{\"@type\":\"Organization\",\"@id\":\"https:\/\/elevateclinic.ca\/fr\/#organization\",\"name\":\"Elevate Psychotherapy and Wellness Clinic\",\"url\":\"https:\/\/elevateclinic.ca\/fr\/\",\"logo\":{\"@type\":\"ImageObject\",\"inLanguage\":\"fr-FR\",\"@id\":\"https:\/\/elevateclinic.ca\/fr\/#\/schema\/logo\/image\/\",\"url\":\"https:\/\/elevateclinic.ca\/wp-content\/uploads\/2023\/04\/Elevate-Logo-large-2.png\",\"contentUrl\":\"https:\/\/elevateclinic.ca\/wp-content\/uploads\/2023\/04\/Elevate-Logo-large-2.png\",\"width\":1000,\"height\":581,\"caption\":\"Elevate Psychotherapy and Wellness Clinic\"},\"image\":{\"@id\":\"https:\/\/elevateclinic.ca\/fr\/#\/schema\/logo\/image\/\"},\"sameAs\":[\"https:\/\/www.facebook.com\/p\/Elevate-Psychotherapy-Wellness-Clinic-61554406267176\/\",\"https:\/\/www.linkedin.com\/company\/101170777\/admin\/dashboard\/\",\"https:\/\/www.psychologytoday.com\/ca\/therapists\/elevate-clinique-montreal-qc\/1305506\",\"https:\/\/www.psychologytoday.com\/ca\/therapists\/elevate-neuropsychology-clinic-laval-qc\/1471723\",\"https:\/\/www.psychologytoday.com\/ca\/therapists\/olivia-kuzyk-westmount-qc\/1047389\",\"https:\/\/www.psychologytoday.com\/ca\/therapists\/cristina-crivello-montreal-qc\/727527\",\"https:\/\/www.linkedin.com\/in\/cristinacrivello\/?originalSubdomain=ca\",\"https:\/\/www.linkedin.com\/in\/olivia-kuzyk-phd-984a8bb4\/?originalSubdomain=ca\",\"https:\/\/www.instagram.com\/elevatewellnessmtl\/\"]}]}<\/script>\n<!-- \/ Yoast SEO plugin. -->","yoast_head_json":{"title":"Victoria Fratino, doctorante | Elevate Psychotherapy and Wellness Clinic","robots":{"index":"index","follow":"follow","max-snippet":"max-snippet:-1","max-image-preview":"max-image-preview:large","max-video-preview":"max-video-preview:-1"},"canonical":"https:\/\/elevateclinic.ca\/fr\/a-propos-de-nous\/victoria-fratino-doctorante\/","og_locale":"fr_FR","og_type":"article","og_title":"Victoria Fratino, doctorante | Elevate Psychotherapy and Wellness Clinic","og_description":"Victoria Fratino, MA Doctorante en psychologie clinique \u00ab Je suis passionn\u00e9e par le travail avec les enfants et les adolescents et je m&#8217;efforce d&#8217;offrir un espace bienveillant et s\u00e9curisant propice au changement et \u00e0 l&#8217;apprentissage. \u00bb Planifiez une consultation Comp\u00e9tence Victoria est sp\u00e9cialis\u00e9e dans les domaines suivants : Troubles anxieux \u00c9panouissement personnel G\u00e9rer le stress [&hellip;]","og_url":"https:\/\/elevateclinic.ca\/fr\/a-propos-de-nous\/victoria-fratino-doctorante\/","og_site_name":"Elevate Psychotherapy and Wellness Clinic","article_publisher":"https:\/\/www.facebook.com\/p\/Elevate-Psychotherapy-Wellness-Clinic-61554406267176\/","article_modified_time":"2025-10-31T06:30:21+00:00","og_image":[{"width":1000,"height":1175,"url":"https:\/\/elevateclinic.ca\/wp-content\/uploads\/2025\/10\/Victoria-Headshot.jpg","type":"image\/jpeg"}],"twitter_card":"summary_large_image","twitter_misc":{"Dur\u00e9e de lecture estim\u00e9e":"2 minutes"},"schema":{"@context":"https:\/\/schema.org","@graph":[{"@type":"WebPage","@id":"https:\/\/elevateclinic.ca\/fr\/a-propos-de-nous\/victoria-fratino-doctorante\/","url":"https:\/\/elevateclinic.ca\/fr\/a-propos-de-nous\/victoria-fratino-doctorante\/","name":"Victoria Fratino, doctorante | Elevate Psychotherapy and Wellness Clinic","isPartOf":{"@id":"https:\/\/elevateclinic.ca\/fr\/#website"},"primaryImageOfPage":{"@id":"https:\/\/elevateclinic.ca\/fr\/a-propos-de-nous\/victoria-fratino-doctorante\/#primaryimage"},"image":{"@id":"https:\/\/elevateclinic.ca\/fr\/a-propos-de-nous\/victoria-fratino-doctorante\/#primaryimage"},"thumbnailUrl":"https:\/\/elevateclinic.ca\/wp-content\/uploads\/2025\/10\/Victoria-Headshot.jpg","datePublished":"2025-10-17T22:46:58+00:00","dateModified":"2025-10-31T06:30:21+00:00","breadcrumb":{"@id":"https:\/\/elevateclinic.ca\/fr\/a-propos-de-nous\/victoria-fratino-doctorante\/#breadcrumb"},"inLanguage":"fr-FR","potentialAction":[{"@type":"ReadAction","target":["https:\/\/elevateclinic.ca\/fr\/a-propos-de-nous\/victoria-fratino-doctorante\/"]}]},{"@type":"ImageObject","inLanguage":"fr-FR","@id":"https:\/\/elevateclinic.ca\/fr\/a-propos-de-nous\/victoria-fratino-doctorante\/#primaryimage","url":"https:\/\/elevateclinic.ca\/wp-content\/uploads\/2025\/10\/Victoria-Headshot.jpg","contentUrl":"https:\/\/elevateclinic.ca\/wp-content\/uploads\/2025\/10\/Victoria-Headshot.jpg"},{"@type":"BreadcrumbList","@id":"https:\/\/elevateclinic.ca\/fr\/a-propos-de-nous\/victoria-fratino-doctorante\/#breadcrumb","itemListElement":[{"@type":"ListItem","position":1,"name":"Home","item":"https:\/\/elevateclinic.ca\/fr\/"},{"@type":"ListItem","position":2,"name":"\u00c0 propos de nous","item":"https:\/\/elevateclinic.ca\/fr\/a-propos-de-nous\/"},{"@type":"ListItem","position":3,"name":"Victoria Fratino, doctorante"}]},{"@type":"WebSite","@id":"https:\/\/elevateclinic.ca\/fr\/#website","url":"https:\/\/elevateclinic.ca\/fr\/","name":"Elevate Psychotherapy and Wellness Clinic","description":"| Montreal Psychologists and Neuropsychologists","publisher":{"@id":"https:\/\/elevateclinic.ca\/fr\/#organization"},"potentialAction":[{"@type":"SearchAction","target":{"@type":"EntryPoint","urlTemplate":"https:\/\/elevateclinic.ca\/fr\/?s={search_term_string}"},"query-input":{"@type":"PropertyValueSpecification","valueRequired":true,"valueName":"search_term_string"}}],"inLanguage":"fr-FR"},{"@type":"Organization","@id":"https:\/\/elevateclinic.ca\/fr\/#organization","name":"Elevate Psychotherapy and Wellness Clinic","url":"https:\/\/elevateclinic.ca\/fr\/","logo":{"@type":"ImageObject","inLanguage":"fr-FR","@id":"https:\/\/elevateclinic.ca\/fr\/#\/schema\/logo\/image\/","url":"https:\/\/elevateclinic.ca\/wp-content\/uploads\/2023\/04\/Elevate-Logo-large-2.png","contentUrl":"https:\/\/elevateclinic.ca\/wp-content\/uploads\/2023\/04\/Elevate-Logo-large-2.png","width":1000,"height":581,"caption":"Elevate Psychotherapy and Wellness Clinic"},"image":{"@id":"https:\/\/elevateclinic.ca\/fr\/#\/schema\/logo\/image\/"},"sameAs":["https:\/\/www.facebook.com\/p\/Elevate-Psychotherapy-Wellness-Clinic-61554406267176\/","https:\/\/www.linkedin.com\/company\/101170777\/admin\/dashboard\/","https:\/\/www.psychologytoday.com\/ca\/therapists\/elevate-clinique-montreal-qc\/1305506","https:\/\/www.psychologytoday.com\/ca\/therapists\/elevate-neuropsychology-clinic-laval-qc\/1471723","https:\/\/www.psychologytoday.com\/ca\/therapists\/olivia-kuzyk-westmount-qc\/1047389","https:\/\/www.psychologytoday.com\/ca\/therapists\/cristina-crivello-montreal-qc\/727527","https:\/\/www.linkedin.com\/in\/cristinacrivello\/?originalSubdomain=ca","https:\/\/www.linkedin.com\/in\/olivia-kuzyk-phd-984a8bb4\/?originalSubdomain=ca","https:\/\/www.instagram.com\/elevatewellnessmtl\/"]}]}},"_links":{"self":[{"href":"https:\/\/elevateclinic.ca\/fr\/wp-json\/wp\/v2\/pages\/5849","targetHints":{"allow":["GET"]}}],"collection":[{"href":"https:\/\/elevateclinic.ca\/fr\/wp-json\/wp\/v2\/pages"}],"about":[{"href":"https:\/\/elevateclinic.ca\/fr\/wp-json\/wp\/v2\/types\/page"}],"author":[{"embeddable":true,"href":"https:\/\/elevateclinic.ca\/fr\/wp-json\/wp\/v2\/users\/1"}],"replies":[{"embeddable":true,"href":"https:\/\/elevateclinic.ca\/fr\/wp-json\/wp\/v2\/comments?post=5849"}],"version-history":[{"count":7,"href":"https:\/\/elevateclinic.ca\/fr\/wp-json\/wp\/v2\/pages\/5849\/revisions"}],"predecessor-version":[{"id":5974,"href":"https:\/\/elevateclinic.ca\/fr\/wp-json\/wp\/v2\/pages\/5849\/revisions\/5974"}],"up":[{"embeddable":true,"href":"https:\/\/elevateclinic.ca\/fr\/wp-json\/wp\/v2\/pages\/1458"}],"wp:attachment":[{"href":"https:\/\/elevateclinic.ca\/fr\/wp-json\/wp\/v2\/media?parent=5849"}],"curies":[{"name":"wp","href":"https:\/\/api.w.org\/{rel}","templated":true}]}}