{"id":7087,"date":"2026-02-18T03:00:53","date_gmt":"2026-02-18T07:00:53","guid":{"rendered":"https:\/\/elevateclinic.ca\/?page_id=7087"},"modified":"2026-03-03T02:39:18","modified_gmt":"2026-03-03T06:39:18","slug":"melanie-ditri","status":"publish","type":"page","link":"https:\/\/elevateclinic.ca\/fr\/a-propos-de-nous\/melanie-ditri\/","title":{"rendered":"Melanie D\u2019Itri"},"content":{"rendered":"\t\t<div data-elementor-type=\"wp-page\" data-elementor-id=\"7087\" class=\"elementor elementor-7087 elementor-7081\" data-elementor-post-type=\"page\">\n\t\t\t\t\t\t<section class=\"elementor-section elementor-top-section elementor-element elementor-element-675b69cf elementor-section-height-min-height bio-banner elementor-section-boxed elementor-section-height-default elementor-section-items-middle\" data-id=\"675b69cf\" data-element_type=\"section\" data-settings=\"{&quot;background_background&quot;:&quot;classic&quot;}\">\n\t\t\t\t\t\t\t<div class=\"elementor-background-overlay\"><\/div>\n\t\t\t\t\t\t\t<div class=\"elementor-container elementor-column-gap-default\">\n\t\t\t\t\t<div class=\"elementor-column elementor-col-100 elementor-top-column elementor-element elementor-element-7692f992\" data-id=\"7692f992\" data-element_type=\"column\" data-settings=\"{&quot;background_background&quot;:&quot;classic&quot;}\">\n\t\t\t<div class=\"elementor-widget-wrap elementor-element-populated\">\n\t\t\t\t\t<div class=\"elementor-background-overlay\"><\/div>\n\t\t\t\t\t\t<div class=\"elementor-element elementor-element-22bbb35a elementor-widget elementor-widget-heading\" data-id=\"22bbb35a\" data-element_type=\"widget\" data-widget_type=\"heading.default\">\n\t\t\t\t<div class=\"elementor-widget-container\">\n\t\t\t\t\t<h1 class=\"elementor-heading-title elementor-size-default\">Melanie D\u2019Itri<\/h1>\t\t\t\t<\/div>\n\t\t\t\t<\/div>\n\t\t\t\t<div class=\"elementor-element elementor-element-4df4454 elementor-widget elementor-widget-heading\" data-id=\"4df4454\" data-element_type=\"widget\" data-widget_type=\"heading.default\">\n\t\t\t\t<div class=\"elementor-widget-container\">\n\t\t\t\t\t<h4 class=\"elementor-heading-title elementor-size-default\">Doula postnatale<\/h4>\t\t\t\t<\/div>\n\t\t\t\t<\/div>\n\t\t\t\t\t<\/div>\n\t\t<\/div>\n\t\t\t\t\t<\/div>\n\t\t<\/section>\n\t\t\t\t<section class=\"elementor-section elementor-top-section elementor-element elementor-element-5ed81460 bio-photo-section elementor-section-boxed elementor-section-height-default elementor-section-height-default\" data-id=\"5ed81460\" data-element_type=\"section\">\n\t\t\t\t\t\t<div class=\"elementor-container elementor-column-gap-default\">\n\t\t\t\t\t<div class=\"elementor-column elementor-col-50 elementor-top-column elementor-element elementor-element-460e9d81\" data-id=\"460e9d81\" data-element_type=\"column\">\n\t\t\t<div class=\"elementor-widget-wrap elementor-element-populated\">\n\t\t\t\t\t\t<div class=\"elementor-element elementor-element-72771f51 elementor-widget elementor-widget-image\" data-id=\"72771f51\" data-element_type=\"widget\" data-widget_type=\"image.default\">\n\t\t\t\t<div class=\"elementor-widget-container\">\n\t\t\t\t\t\t\t\t\t\t\t\t\t\t\t<img fetchpriority=\"high\" decoding=\"async\" width=\"1000\" height=\"1175\" src=\"https:\/\/elevateclinic.ca\/wp-content\/uploads\/2026\/03\/Frame-167035-1.png\" class=\"attachment-full size-full wp-image-7256\" alt=\"\" srcset=\"https:\/\/elevateclinic.ca\/wp-content\/uploads\/2026\/03\/Frame-167035-1.png 1000w, https:\/\/elevateclinic.ca\/wp-content\/uploads\/2026\/03\/Frame-167035-1-255x300.png 255w, https:\/\/elevateclinic.ca\/wp-content\/uploads\/2026\/03\/Frame-167035-1-871x1024.png 871w, https:\/\/elevateclinic.ca\/wp-content\/uploads\/2026\/03\/Frame-167035-1-768x902.png 768w\" sizes=\"(max-width: 1000px) 100vw, 1000px\" \/>\t\t\t\t\t\t\t\t\t\t\t\t\t\t\t<\/div>\n\t\t\t\t<\/div>\n\t\t\t\t\t<\/div>\n\t\t<\/div>\n\t\t\t\t<div class=\"elementor-column elementor-col-50 elementor-top-column elementor-element elementor-element-78e5cc6d\" data-id=\"78e5cc6d\" data-element_type=\"column\">\n\t\t\t<div class=\"elementor-widget-wrap elementor-element-populated\">\n\t\t\t\t\t\t<div class=\"elementor-element elementor-element-273c3fd5 elementor-widget elementor-widget-image\" data-id=\"273c3fd5\" data-element_type=\"widget\" data-widget_type=\"image.default\">\n\t\t\t\t<div class=\"elementor-widget-container\">\n\t\t\t\t\t\t\t\t\t\t\t\t\t\t\t<img decoding=\"async\" width=\"946\" height=\"946\" src=\"https:\/\/elevateclinic.ca\/wp-content\/uploads\/2024\/08\/circle-logo.png\" class=\"attachment-full size-full wp-image-3953\" alt=\"\" srcset=\"https:\/\/elevateclinic.ca\/wp-content\/uploads\/2024\/08\/circle-logo.png 946w, https:\/\/elevateclinic.ca\/wp-content\/uploads\/2024\/08\/circle-logo-300x300.png 300w, https:\/\/elevateclinic.ca\/wp-content\/uploads\/2024\/08\/circle-logo-150x150.png 150w, https:\/\/elevateclinic.ca\/wp-content\/uploads\/2024\/08\/circle-logo-768x768.png 768w\" sizes=\"(max-width: 946px) 100vw, 946px\" \/>\t\t\t\t\t\t\t\t\t\t\t\t\t\t\t<\/div>\n\t\t\t\t<\/div>\n\t\t\t\t<div class=\"elementor-element elementor-element-19d23f60 elementor-widget__width-initial elementor-widget elementor-widget-heading\" data-id=\"19d23f60\" data-element_type=\"widget\" data-widget_type=\"heading.default\">\n\t\t\t\t<div class=\"elementor-widget-container\">\n\t\t\t\t\t<h4 class=\"elementor-heading-title elementor-size-default\">Lorsque je suis devenue m\u00e8re pour la premi\u00e8re fois, je n'\u00e9tais pas pr\u00e9par\u00e9e \u00e0 l'intensit\u00e9 et \u00e0 la difficult\u00e9 de la p\u00e9riode postnatale, tant sur le plan physique qu'\u00e9motionnel et mental. Ces premiers jours sont marqu\u00e9s par de profonds changements, et personne n'est cens\u00e9 les traverser seul. En tant que doula postnatale, j\u2019offre un accompagnement bienveillant et sans jugement, prenant soin de l\u2019esprit, du corps et du c\u0153ur apr\u00e8s la naissance. Mon objectif est de vous soutenir et de vous aider \u00e0 devenir parent en vous \u00e9coutant attentivement, en vous offrant des conseils pratiques et bienveillants, et en veillant \u00e0 ce que vous soyez nourri et repos\u00e9 afin que vous puissiez concentrer votre \u00e9nergie sur ce qui compte le plus : cr\u00e9er des liens avec votre b\u00e9b\u00e9. <\/h4>\t\t\t\t<\/div>\n\t\t\t\t<\/div>\n\t\t\t\t<div class=\"elementor-element elementor-element-1ff2b20e elementor-mobile-align-center elementor-align-center elementor-widget elementor-widget-button\" data-id=\"1ff2b20e\" data-element_type=\"widget\" data-widget_type=\"button.default\">\n\t\t\t\t<div class=\"elementor-widget-container\">\n\t\t\t\t\t\t\t\t\t<div class=\"elementor-button-wrapper\">\n\t\t\t\t\t<a class=\"elementor-button elementor-button-link elementor-size-sm\" href=\"https:\/\/elevateclinic.ca\/fr\/contactez-nous\/#contact-form\">\n\t\t\t\t\t\t<span class=\"elementor-button-content-wrapper\">\n\t\t\t\t\t\t\t\t\t<span class=\"elementor-button-text\">Planifiez une consultation<\/span>\n\t\t\t\t\t<\/span>\n\t\t\t\t\t<\/a>\n\t\t\t\t<\/div>\n\t\t\t\t\t\t\t\t<\/div>\n\t\t\t\t<\/div>\n\t\t\t\t\t<\/div>\n\t\t<\/div>\n\t\t\t\t\t<\/div>\n\t\t<\/section>\n\t\t\t\t<section class=\"elementor-section elementor-top-section elementor-element elementor-element-2ff8585d elementor-section-boxed elementor-section-height-default elementor-section-height-default\" data-id=\"2ff8585d\" data-element_type=\"section\">\n\t\t\t\t\t\t<div class=\"elementor-container elementor-column-gap-default\">\n\t\t\t\t\t<div class=\"elementor-column elementor-col-50 elementor-top-column elementor-element elementor-element-892a1da bio-expertise-col\" data-id=\"892a1da\" data-element_type=\"column\" data-settings=\"{&quot;background_background&quot;:&quot;classic&quot;}\">\n\t\t\t<div class=\"elementor-widget-wrap elementor-element-populated\">\n\t\t\t\t\t\t<section class=\"elementor-section elementor-inner-section elementor-element elementor-element-3258b41f elementor-section-boxed elementor-section-height-default elementor-section-height-default\" data-id=\"3258b41f\" data-element_type=\"section\">\n\t\t\t\t\t\t<div class=\"elementor-container elementor-column-gap-default\">\n\t\t\t\t\t<div class=\"elementor-column elementor-col-100 elementor-inner-column elementor-element elementor-element-2af0bde3\" data-id=\"2af0bde3\" data-element_type=\"column\">\n\t\t\t<div class=\"elementor-widget-wrap elementor-element-populated\">\n\t\t\t\t\t\t<div class=\"elementor-element elementor-element-7303aa7c elementor-widget elementor-widget-heading\" data-id=\"7303aa7c\" data-element_type=\"widget\" data-widget_type=\"heading.default\">\n\t\t\t\t<div class=\"elementor-widget-container\">\n\t\t\t\t\t<h4 class=\"elementor-heading-title elementor-size-default\">Comp\u00e9tence<\/h4>\t\t\t\t<\/div>\n\t\t\t\t<\/div>\n\t\t\t\t<div class=\"elementor-element elementor-element-298ca014 elementor-widget elementor-widget-spacer\" data-id=\"298ca014\" data-element_type=\"widget\" data-widget_type=\"spacer.default\">\n\t\t\t\t<div class=\"elementor-widget-container\">\n\t\t\t\t\t\t\t<div class=\"elementor-spacer\">\n\t\t\t<div class=\"elementor-spacer-inner\"><\/div>\n\t\t<\/div>\n\t\t\t\t\t\t<\/div>\n\t\t\t\t<\/div>\n\t\t\t\t<div class=\"elementor-element elementor-element-610280b9 elementor-widget elementor-widget-heading\" data-id=\"610280b9\" data-element_type=\"widget\" data-widget_type=\"heading.default\">\n\t\t\t\t<div class=\"elementor-widget-container\">\n\t\t\t\t\t<h4 class=\"elementor-heading-title elementor-size-default\">Melanie est sp\u00e9cialis\u00e9e dans les domaines suivants\u00a0: <\/h4>\t\t\t\t<\/div>\n\t\t\t\t<\/div>\n\t\t\t\t<div class=\"elementor-element elementor-element-6261585 elementor-widget elementor-widget-text-editor\" data-id=\"6261585\" data-element_type=\"widget\" data-widget_type=\"text-editor.default\">\n\t\t\t\t<div class=\"elementor-widget-container\">\n\t\t\t\t\t\t\t\t\t<ul>\n  <li>Soutien \u00e0 l\u2019allaitement<\/li>\n  <li>S\u00e9curit\u00e9 du nourrisson et du parent (certifi\u00e9e RCR\/DEA)<\/li>\n  <li>Accompagnement des familles avec des jumeaux ou des tripl\u00e9s<\/li>\n  <li>Soutien au r\u00e9tablissement postnatal<\/li>\n  <li>Soins au nouveau-n\u00e9<\/li>\n  <li>Accompagnement des nouveaux parents vivant un sentiment de surcharge ou d\u2019isolement<\/li>\n  <li>Soutien au partenaire et \u00e0 la fratrie<\/li>\n  <li>\u00c9ducation parentale et accompagnement parental<\/li>\n  <li>Soutien pratique \u00e0 domicile<\/li>\n<\/ul>\n\t\t\t\t\t\t\t\t<\/div>\n\t\t\t\t<\/div>\n\t\t\t\t\t<\/div>\n\t\t<\/div>\n\t\t\t\t\t<\/div>\n\t\t<\/section>\n\t\t\t\t\t<\/div>\n\t\t<\/div>\n\t\t\t\t<div class=\"elementor-column elementor-col-50 elementor-top-column elementor-element elementor-element-27b338a9 bio-icons-col\" data-id=\"27b338a9\" data-element_type=\"column\">\n\t\t\t<div class=\"elementor-widget-wrap elementor-element-populated\">\n\t\t\t\t\t\t<section class=\"elementor-section elementor-inner-section elementor-element elementor-element-e53cb4d elementor-section-boxed elementor-section-height-default elementor-section-height-default\" data-id=\"e53cb4d\" data-element_type=\"section\">\n\t\t\t\t\t\t<div class=\"elementor-container elementor-column-gap-default\">\n\t\t\t\t\t<div class=\"elementor-column elementor-col-50 elementor-inner-column elementor-element elementor-element-29ddbcf\" data-id=\"29ddbcf\" data-element_type=\"column\" data-settings=\"{&quot;background_background&quot;:&quot;classic&quot;}\">\n\t\t\t<div class=\"elementor-widget-wrap elementor-element-populated\">\n\t\t\t\t\t\t<div class=\"elementor-element elementor-element-11772fb elementor-widget elementor-widget-image\" data-id=\"11772fb\" data-element_type=\"widget\" data-widget_type=\"image.default\">\n\t\t\t\t<div class=\"elementor-widget-container\">\n\t\t\t\t\t\t\t\t\t\t\t\t\t\t\t<img decoding=\"async\" width=\"304\" height=\"304\" src=\"https:\/\/elevateclinic.ca\/wp-content\/uploads\/2024\/08\/clientele-box-fr.png\" class=\"attachment-full size-full wp-image-4435\" alt=\"\" srcset=\"https:\/\/elevateclinic.ca\/wp-content\/uploads\/2024\/08\/clientele-box-fr.png 304w, https:\/\/elevateclinic.ca\/wp-content\/uploads\/2024\/08\/clientele-box-fr-300x300.png 300w, https:\/\/elevateclinic.ca\/wp-content\/uploads\/2024\/08\/clientele-box-fr-150x150.png 150w\" sizes=\"(max-width: 304px) 100vw, 304px\" \/>\t\t\t\t\t\t\t\t\t\t\t\t\t\t\t<\/div>\n\t\t\t\t<\/div>\n\t\t\t\t\t<\/div>\n\t\t<\/div>\n\t\t\t\t<div class=\"elementor-column elementor-col-50 elementor-inner-column elementor-element elementor-element-b2e8571\" data-id=\"b2e8571\" data-element_type=\"column\">\n\t\t\t<div class=\"elementor-widget-wrap elementor-element-populated\">\n\t\t\t\t\t\t<div class=\"elementor-element elementor-element-12b7a96 elementor-widget elementor-widget-text-editor\" data-id=\"12b7a96\" data-element_type=\"widget\" data-widget_type=\"text-editor.default\">\n\t\t\t\t<div class=\"elementor-widget-container\">\n\t\t\t\t\t\t\t\t\t<ul>\n  <li>Nourrissons<\/li>\n  <li>Familles<\/li>\n  <li>Parents<\/li>\n<\/ul>\t\t\t\t\t\t\t\t<\/div>\n\t\t\t\t<\/div>\n\t\t\t\t\t<\/div>\n\t\t<\/div>\n\t\t\t\t\t<\/div>\n\t\t<\/section>\n\t\t\t\t\t<\/div>\n\t\t<\/div>\n\t\t\t\t\t<\/div>\n\t\t<\/section>\n\t\t\t\t<section class=\"elementor-section elementor-top-section elementor-element elementor-element-532f353e bio-learnmore elementor-section-boxed elementor-section-height-default elementor-section-height-default\" data-id=\"532f353e\" data-element_type=\"section\" data-settings=\"{&quot;background_background&quot;:&quot;classic&quot;}\">\n\t\t\t\t\t\t<div class=\"elementor-container elementor-column-gap-default\">\n\t\t\t\t\t<div class=\"elementor-column elementor-col-50 elementor-top-column elementor-element elementor-element-654edefe\" data-id=\"654edefe\" data-element_type=\"column\">\n\t\t\t<div class=\"elementor-widget-wrap elementor-element-populated\">\n\t\t\t\t\t\t<div class=\"elementor-element elementor-element-511b261b elementor-widget elementor-widget-heading\" data-id=\"511b261b\" data-element_type=\"widget\" data-widget_type=\"heading.default\">\n\t\t\t\t<div class=\"elementor-widget-container\">\n\t\t\t\t\t<h4 class=\"elementor-heading-title elementor-size-default\">En savoir plus sur Melanie<\/h4>\t\t\t\t<\/div>\n\t\t\t\t<\/div>\n\t\t\t\t<div class=\"elementor-element elementor-element-227e23b1 elementor-widget elementor-widget-text-editor\" data-id=\"227e23b1\" data-element_type=\"widget\" data-widget_type=\"text-editor.default\">\n\t\t\t\t<div class=\"elementor-widget-container\">\n\t\t\t\t\t\t\t\t\t<h2>\u00c9tudes et titres de comp\u00e9tences<\/h2>\nMelanie est titulaire d&#8217;un baccalaur\u00e9at en \u00e9ducation de l&#8217;Universit\u00e9 McGill. Elle a suivi une formation de doula postnatale aupr\u00e8s de MotherWit Doula Care \u00e0 Montr\u00e9al et a poursuivi ses \u00e9tudes et sa formation continue afin d\u2019enrichir et d\u2019actualiser les services qu\u2019elle offre aux nouvelles familles.<br>\nElle est certifi\u00e9e en RCR\/DEA et a suivi 22 heures de formation en lactation reconnue par l&#8217;International Board of Lactation Consultant Examiners (IBLCE). Melanie a \u00e9galement suivi un cours de 10 heures ax\u00e9 sur l&#8217;allaitement des jumeaux et des tripl\u00e9s, ainsi qu&#8217;une formation suppl\u00e9mentaire explorant les consid\u00e9rations particuli\u00e8res li\u00e9es \u00e0 la grossesse, \u00e0 l&#8217;accouchement et \u00e0 la p\u00e9riode postnatale dans le contexte des naissances multiples.<br>\nS&#8217;appuyant \u00e0 la fois sur sa formation professionnelle et sur sa propre exp\u00e9rience des d\u00e9fis li\u00e9s \u00e0 l&#8217;allaitement, Melanie est profond\u00e9ment passionn\u00e9e par le soutien aux parents tout au long de leur parcours d&#8217;alimentation. Elle est actuellement en train d&#8217;obtenir sa certification de sp\u00e9cialiste en allaitement.\n<h2>Formation et exp\u00e9riences<\/h2>\nAvant de s\u2019orienter vers le domaine du soutien postnatal, Melanie a travaill\u00e9 pendant de nombreuses ann\u00e9es comme enseignante dans le primaire. Sa propre exp\u00e9rience difficile apr\u00e8s l&#8217;accouchement lui a fait prendre conscience du nombre de familles qui traversent les premi\u00e8res semaines apr\u00e8s la naissance en se sentant d\u00e9pass\u00e9es, isol\u00e9es et d\u00e9sorient\u00e9es. Cette exp\u00e9rience l&#8217;a pouss\u00e9e \u00e0 s&#8217;engager pleinement pour offrir le soutien dont elle avait elle-m\u00eame besoin \u00e0 l&#8217;\u00e9poque. Le travail de doula postnatale est devenu le prolongement naturel de ses forces, combinant son amour de l&#8217;enseignement, ses exp\u00e9riences personnelles et sa passion pour le soutien aux familles pendant l&#8217;une des transitions les plus vuln\u00e9rables de la vie.\n<h2>Travail actuel<\/h2>\nM\u00e9lanie exerce en tant que doula postnatale ind\u00e9pendante et accompagne les nouvelles familles dans la r\u00e9gion de Montr\u00e9al. Elle propose des visites \u00e0 domicile enti\u00e8rement adapt\u00e9es aux besoins, aux valeurs et \u00e0 l&#8217;exp\u00e9rience unique de chaque famille.<br>\nSes services comprennent un soutien \u00e9motionnel, un espace d\u2019\u00e9coute permettant de revenir sur l\u2019exp\u00e9rience de la naissance, ainsi que des conseils fond\u00e9s sur des donn\u00e9es probantes concernant les soins et l\u2019alimentation du nouveau-n\u00e9, incluant le soutien \u00e0 l\u2019allaitement. M\u00e9lanie soutient \u00e9galement la r\u00e9cup\u00e9ration physique et le repos des parents durant la p\u00e9riode postnatale, pr\u00e9pare des repas et des collations nourrissants, et offre une aide m\u00e9nag\u00e8re l\u00e9g\u00e8re afin d\u2019all\u00e9ger la charge quotidienne.<br>\nL&#8217;approche de Melanie est centr\u00e9e sur le bien-\u00eatre de toute la famille, en soutenant non seulement les m\u00e8res, mais aussi les partenaires et les fr\u00e8res et s\u0153urs a\u00een\u00e9s, alors que chacun s&#8217;adapte \u00e0 la vie avec un nouveau b\u00e9b\u00e9.\t\t\t\t\t\t\t\t<\/div>\n\t\t\t\t<\/div>\n\t\t\t\t<div class=\"elementor-element elementor-element-1765989 elementor-mobile-align-center elementor-widget elementor-widget-button\" data-id=\"1765989\" data-element_type=\"widget\" data-widget_type=\"button.default\">\n\t\t\t\t<div class=\"elementor-widget-container\">\n\t\t\t\t\t\t\t\t\t<div class=\"elementor-button-wrapper\">\n\t\t\t\t\t<a class=\"elementor-button elementor-button-link elementor-size-sm\" href=\"https:\/\/elevateclinic.ca\/fr\/contactez-nous\/#contact-form\">\n\t\t\t\t\t\t<span class=\"elementor-button-content-wrapper\">\n\t\t\t\t\t\t\t\t\t<span class=\"elementor-button-text\">Planifiez une consultation<\/span>\n\t\t\t\t\t<\/span>\n\t\t\t\t\t<\/a>\n\t\t\t\t<\/div>\n\t\t\t\t\t\t\t\t<\/div>\n\t\t\t\t<\/div>\n\t\t\t\t\t<\/div>\n\t\t<\/div>\n\t\t\t\t<div class=\"elementor-column elementor-col-50 elementor-top-column elementor-element elementor-element-76295d0b\" data-id=\"76295d0b\" data-element_type=\"column\" data-settings=\"{&quot;background_background&quot;:&quot;classic&quot;}\">\n\t\t\t<div class=\"elementor-widget-wrap elementor-element-populated\">\n\t\t\t\t\t\t<div class=\"elementor-element elementor-element-688e6b4c elementor-widget elementor-widget-spacer\" data-id=\"688e6b4c\" data-element_type=\"widget\" data-widget_type=\"spacer.default\">\n\t\t\t\t<div class=\"elementor-widget-container\">\n\t\t\t\t\t\t\t<div class=\"elementor-spacer\">\n\t\t\t<div class=\"elementor-spacer-inner\"><\/div>\n\t\t<\/div>\n\t\t\t\t\t\t<\/div>\n\t\t\t\t<\/div>\n\t\t\t\t\t<\/div>\n\t\t<\/div>\n\t\t\t\t\t<\/div>\n\t\t<\/section>\n\t\t\t\t<\/div>\n\t\t","protected":false},"excerpt":{"rendered":"<p>Melanie D\u2019Itri Doula postnatale Lorsque je suis devenue m\u00e8re pour la premi\u00e8re fois, je n&#8217;\u00e9tais pas pr\u00e9par\u00e9e \u00e0 l&#8217;intensit\u00e9 et \u00e0 la difficult\u00e9 de la p\u00e9riode postnatale, tant sur le plan physique qu&#8217;\u00e9motionnel et mental. Ces premiers jours sont marqu\u00e9s par de profonds changements, et personne n&#8217;est cens\u00e9 les traverser seul. En tant que doula [&hellip;]<\/p>\n","protected":false},"author":4,"featured_media":0,"parent":1458,"menu_order":0,"comment_status":"closed","ping_status":"closed","template":"","meta":{"_acf_changed":false,"footnotes":""},"class_list":["post-7087","page","type-page","status-publish","hentry"],"acf":[],"yoast_head":"<!-- This site is optimized with the Yoast SEO plugin v25.4 - https:\/\/yoast.com\/wordpress\/plugins\/seo\/ -->\n<title>Melanie D\u2019Itri | Elevate Psychotherapy and Wellness Clinic<\/title>\n<meta name=\"robots\" content=\"index, follow, max-snippet:-1, max-image-preview:large, max-video-preview:-1\" \/>\n<link rel=\"canonical\" href=\"https:\/\/elevateclinic.ca\/fr\/a-propos-de-nous\/melanie-ditri\/\" \/>\n<meta property=\"og:locale\" content=\"fr_FR\" \/>\n<meta property=\"og:type\" content=\"article\" \/>\n<meta property=\"og:title\" content=\"Melanie D\u2019Itri | Elevate Psychotherapy and Wellness Clinic\" \/>\n<meta property=\"og:description\" content=\"Melanie D\u2019Itri Doula postnatale Lorsque je suis devenue m\u00e8re pour la premi\u00e8re fois, je n&#8217;\u00e9tais pas pr\u00e9par\u00e9e \u00e0 l&#8217;intensit\u00e9 et \u00e0 la difficult\u00e9 de la p\u00e9riode postnatale, tant sur le plan physique qu&#8217;\u00e9motionnel et mental. Ces premiers jours sont marqu\u00e9s par de profonds changements, et personne n&#8217;est cens\u00e9 les traverser seul. En tant que doula [&hellip;]\" \/>\n<meta property=\"og:url\" content=\"https:\/\/elevateclinic.ca\/fr\/a-propos-de-nous\/melanie-ditri\/\" \/>\n<meta property=\"og:site_name\" content=\"Elevate Psychotherapy and Wellness Clinic\" \/>\n<meta property=\"article:publisher\" content=\"https:\/\/www.facebook.com\/p\/Elevate-Psychotherapy-Wellness-Clinic-61554406267176\/\" \/>\n<meta property=\"article:modified_time\" content=\"2026-03-03T06:39:18+00:00\" \/>\n<meta property=\"og:image\" content=\"https:\/\/elevateclinic.ca\/wp-content\/uploads\/2026\/03\/Frame-167035-1.png\" \/>\n\t<meta property=\"og:image:width\" content=\"1000\" \/>\n\t<meta property=\"og:image:height\" content=\"1175\" \/>\n\t<meta property=\"og:image:type\" content=\"image\/png\" \/>\n<meta name=\"twitter:card\" content=\"summary_large_image\" \/>\n<meta name=\"twitter:label1\" content=\"Dur\u00e9e de lecture estim\u00e9e\" \/>\n\t<meta name=\"twitter:data1\" content=\"4 minutes\" \/>\n<script type=\"application\/ld+json\" class=\"yoast-schema-graph\">{\"@context\":\"https:\/\/schema.org\",\"@graph\":[{\"@type\":\"WebPage\",\"@id\":\"https:\/\/elevateclinic.ca\/fr\/a-propos-de-nous\/melanie-ditri\/\",\"url\":\"https:\/\/elevateclinic.ca\/fr\/a-propos-de-nous\/melanie-ditri\/\",\"name\":\"Melanie D\u2019Itri | Elevate Psychotherapy and Wellness Clinic\",\"isPartOf\":{\"@id\":\"https:\/\/elevateclinic.ca\/fr\/#website\"},\"primaryImageOfPage\":{\"@id\":\"https:\/\/elevateclinic.ca\/fr\/a-propos-de-nous\/melanie-ditri\/#primaryimage\"},\"image\":{\"@id\":\"https:\/\/elevateclinic.ca\/fr\/a-propos-de-nous\/melanie-ditri\/#primaryimage\"},\"thumbnailUrl\":\"https:\/\/elevateclinic.ca\/wp-content\/uploads\/2026\/03\/Frame-167035-1.png\",\"datePublished\":\"2026-02-18T07:00:53+00:00\",\"dateModified\":\"2026-03-03T06:39:18+00:00\",\"breadcrumb\":{\"@id\":\"https:\/\/elevateclinic.ca\/fr\/a-propos-de-nous\/melanie-ditri\/#breadcrumb\"},\"inLanguage\":\"fr-FR\",\"potentialAction\":[{\"@type\":\"ReadAction\",\"target\":[\"https:\/\/elevateclinic.ca\/fr\/a-propos-de-nous\/melanie-ditri\/\"]}]},{\"@type\":\"ImageObject\",\"inLanguage\":\"fr-FR\",\"@id\":\"https:\/\/elevateclinic.ca\/fr\/a-propos-de-nous\/melanie-ditri\/#primaryimage\",\"url\":\"https:\/\/elevateclinic.ca\/wp-content\/uploads\/2026\/03\/Frame-167035-1.png\",\"contentUrl\":\"https:\/\/elevateclinic.ca\/wp-content\/uploads\/2026\/03\/Frame-167035-1.png\"},{\"@type\":\"BreadcrumbList\",\"@id\":\"https:\/\/elevateclinic.ca\/fr\/a-propos-de-nous\/melanie-ditri\/#breadcrumb\",\"itemListElement\":[{\"@type\":\"ListItem\",\"position\":1,\"name\":\"Home\",\"item\":\"https:\/\/elevateclinic.ca\/fr\/\"},{\"@type\":\"ListItem\",\"position\":2,\"name\":\"\u00c0 propos de nous\",\"item\":\"https:\/\/elevateclinic.ca\/fr\/a-propos-de-nous\/\"},{\"@type\":\"ListItem\",\"position\":3,\"name\":\"Melanie D\u2019Itri\"}]},{\"@type\":\"WebSite\",\"@id\":\"https:\/\/elevateclinic.ca\/fr\/#website\",\"url\":\"https:\/\/elevateclinic.ca\/fr\/\",\"name\":\"Elevate Psychotherapy and Wellness Clinic\",\"description\":\"| Montreal Psychologists and Neuropsychologists\",\"publisher\":{\"@id\":\"https:\/\/elevateclinic.ca\/fr\/#organization\"},\"potentialAction\":[{\"@type\":\"SearchAction\",\"target\":{\"@type\":\"EntryPoint\",\"urlTemplate\":\"https:\/\/elevateclinic.ca\/fr\/?s={search_term_string}\"},\"query-input\":{\"@type\":\"PropertyValueSpecification\",\"valueRequired\":true,\"valueName\":\"search_term_string\"}}],\"inLanguage\":\"fr-FR\"},{\"@type\":\"Organization\",\"@id\":\"https:\/\/elevateclinic.ca\/fr\/#organization\",\"name\":\"Elevate Psychotherapy and Wellness Clinic\",\"url\":\"https:\/\/elevateclinic.ca\/fr\/\",\"logo\":{\"@type\":\"ImageObject\",\"inLanguage\":\"fr-FR\",\"@id\":\"https:\/\/elevateclinic.ca\/fr\/#\/schema\/logo\/image\/\",\"url\":\"https:\/\/elevateclinic.ca\/wp-content\/uploads\/2023\/04\/Elevate-Logo-large-2.png\",\"contentUrl\":\"https:\/\/elevateclinic.ca\/wp-content\/uploads\/2023\/04\/Elevate-Logo-large-2.png\",\"width\":1000,\"height\":581,\"caption\":\"Elevate Psychotherapy and Wellness Clinic\"},\"image\":{\"@id\":\"https:\/\/elevateclinic.ca\/fr\/#\/schema\/logo\/image\/\"},\"sameAs\":[\"https:\/\/www.facebook.com\/p\/Elevate-Psychotherapy-Wellness-Clinic-61554406267176\/\",\"https:\/\/www.linkedin.com\/company\/101170777\/admin\/dashboard\/\",\"https:\/\/www.psychologytoday.com\/ca\/therapists\/elevate-clinique-montreal-qc\/1305506\",\"https:\/\/www.psychologytoday.com\/ca\/therapists\/elevate-neuropsychology-clinic-laval-qc\/1471723\",\"https:\/\/www.psychologytoday.com\/ca\/therapists\/olivia-kuzyk-westmount-qc\/1047389\",\"https:\/\/www.psychologytoday.com\/ca\/therapists\/cristina-crivello-montreal-qc\/727527\",\"https:\/\/www.linkedin.com\/in\/cristinacrivello\/?originalSubdomain=ca\",\"https:\/\/www.linkedin.com\/in\/olivia-kuzyk-phd-984a8bb4\/?originalSubdomain=ca\",\"https:\/\/www.instagram.com\/elevatewellnessmtl\/\"]}]}<\/script>\n<!-- \/ Yoast SEO plugin. -->","yoast_head_json":{"title":"Melanie D\u2019Itri | Elevate Psychotherapy and Wellness Clinic","robots":{"index":"index","follow":"follow","max-snippet":"max-snippet:-1","max-image-preview":"max-image-preview:large","max-video-preview":"max-video-preview:-1"},"canonical":"https:\/\/elevateclinic.ca\/fr\/a-propos-de-nous\/melanie-ditri\/","og_locale":"fr_FR","og_type":"article","og_title":"Melanie D\u2019Itri | Elevate Psychotherapy and Wellness Clinic","og_description":"Melanie D\u2019Itri Doula postnatale Lorsque je suis devenue m\u00e8re pour la premi\u00e8re fois, je n&#8217;\u00e9tais pas pr\u00e9par\u00e9e \u00e0 l&#8217;intensit\u00e9 et \u00e0 la difficult\u00e9 de la p\u00e9riode postnatale, tant sur le plan physique qu&#8217;\u00e9motionnel et mental. Ces premiers jours sont marqu\u00e9s par de profonds changements, et personne n&#8217;est cens\u00e9 les traverser seul. En tant que doula [&hellip;]","og_url":"https:\/\/elevateclinic.ca\/fr\/a-propos-de-nous\/melanie-ditri\/","og_site_name":"Elevate Psychotherapy and Wellness Clinic","article_publisher":"https:\/\/www.facebook.com\/p\/Elevate-Psychotherapy-Wellness-Clinic-61554406267176\/","article_modified_time":"2026-03-03T06:39:18+00:00","og_image":[{"width":1000,"height":1175,"url":"https:\/\/elevateclinic.ca\/wp-content\/uploads\/2026\/03\/Frame-167035-1.png","type":"image\/png"}],"twitter_card":"summary_large_image","twitter_misc":{"Dur\u00e9e de lecture estim\u00e9e":"4 minutes"},"schema":{"@context":"https:\/\/schema.org","@graph":[{"@type":"WebPage","@id":"https:\/\/elevateclinic.ca\/fr\/a-propos-de-nous\/melanie-ditri\/","url":"https:\/\/elevateclinic.ca\/fr\/a-propos-de-nous\/melanie-ditri\/","name":"Melanie D\u2019Itri | Elevate Psychotherapy and Wellness Clinic","isPartOf":{"@id":"https:\/\/elevateclinic.ca\/fr\/#website"},"primaryImageOfPage":{"@id":"https:\/\/elevateclinic.ca\/fr\/a-propos-de-nous\/melanie-ditri\/#primaryimage"},"image":{"@id":"https:\/\/elevateclinic.ca\/fr\/a-propos-de-nous\/melanie-ditri\/#primaryimage"},"thumbnailUrl":"https:\/\/elevateclinic.ca\/wp-content\/uploads\/2026\/03\/Frame-167035-1.png","datePublished":"2026-02-18T07:00:53+00:00","dateModified":"2026-03-03T06:39:18+00:00","breadcrumb":{"@id":"https:\/\/elevateclinic.ca\/fr\/a-propos-de-nous\/melanie-ditri\/#breadcrumb"},"inLanguage":"fr-FR","potentialAction":[{"@type":"ReadAction","target":["https:\/\/elevateclinic.ca\/fr\/a-propos-de-nous\/melanie-ditri\/"]}]},{"@type":"ImageObject","inLanguage":"fr-FR","@id":"https:\/\/elevateclinic.ca\/fr\/a-propos-de-nous\/melanie-ditri\/#primaryimage","url":"https:\/\/elevateclinic.ca\/wp-content\/uploads\/2026\/03\/Frame-167035-1.png","contentUrl":"https:\/\/elevateclinic.ca\/wp-content\/uploads\/2026\/03\/Frame-167035-1.png"},{"@type":"BreadcrumbList","@id":"https:\/\/elevateclinic.ca\/fr\/a-propos-de-nous\/melanie-ditri\/#breadcrumb","itemListElement":[{"@type":"ListItem","position":1,"name":"Home","item":"https:\/\/elevateclinic.ca\/fr\/"},{"@type":"ListItem","position":2,"name":"\u00c0 propos de nous","item":"https:\/\/elevateclinic.ca\/fr\/a-propos-de-nous\/"},{"@type":"ListItem","position":3,"name":"Melanie D\u2019Itri"}]},{"@type":"WebSite","@id":"https:\/\/elevateclinic.ca\/fr\/#website","url":"https:\/\/elevateclinic.ca\/fr\/","name":"Elevate Psychotherapy and Wellness Clinic","description":"| Montreal Psychologists and Neuropsychologists","publisher":{"@id":"https:\/\/elevateclinic.ca\/fr\/#organization"},"potentialAction":[{"@type":"SearchAction","target":{"@type":"EntryPoint","urlTemplate":"https:\/\/elevateclinic.ca\/fr\/?s={search_term_string}"},"query-input":{"@type":"PropertyValueSpecification","valueRequired":true,"valueName":"search_term_string"}}],"inLanguage":"fr-FR"},{"@type":"Organization","@id":"https:\/\/elevateclinic.ca\/fr\/#organization","name":"Elevate Psychotherapy and Wellness Clinic","url":"https:\/\/elevateclinic.ca\/fr\/","logo":{"@type":"ImageObject","inLanguage":"fr-FR","@id":"https:\/\/elevateclinic.ca\/fr\/#\/schema\/logo\/image\/","url":"https:\/\/elevateclinic.ca\/wp-content\/uploads\/2023\/04\/Elevate-Logo-large-2.png","contentUrl":"https:\/\/elevateclinic.ca\/wp-content\/uploads\/2023\/04\/Elevate-Logo-large-2.png","width":1000,"height":581,"caption":"Elevate Psychotherapy and Wellness Clinic"},"image":{"@id":"https:\/\/elevateclinic.ca\/fr\/#\/schema\/logo\/image\/"},"sameAs":["https:\/\/www.facebook.com\/p\/Elevate-Psychotherapy-Wellness-Clinic-61554406267176\/","https:\/\/www.linkedin.com\/company\/101170777\/admin\/dashboard\/","https:\/\/www.psychologytoday.com\/ca\/therapists\/elevate-clinique-montreal-qc\/1305506","https:\/\/www.psychologytoday.com\/ca\/therapists\/elevate-neuropsychology-clinic-laval-qc\/1471723","https:\/\/www.psychologytoday.com\/ca\/therapists\/olivia-kuzyk-westmount-qc\/1047389","https:\/\/www.psychologytoday.com\/ca\/therapists\/cristina-crivello-montreal-qc\/727527","https:\/\/www.linkedin.com\/in\/cristinacrivello\/?originalSubdomain=ca","https:\/\/www.linkedin.com\/in\/olivia-kuzyk-phd-984a8bb4\/?originalSubdomain=ca","https:\/\/www.instagram.com\/elevatewellnessmtl\/"]}]}},"_links":{"self":[{"href":"https:\/\/elevateclinic.ca\/fr\/wp-json\/wp\/v2\/pages\/7087","targetHints":{"allow":["GET"]}}],"collection":[{"href":"https:\/\/elevateclinic.ca\/fr\/wp-json\/wp\/v2\/pages"}],"about":[{"href":"https:\/\/elevateclinic.ca\/fr\/wp-json\/wp\/v2\/types\/page"}],"author":[{"embeddable":true,"href":"https:\/\/elevateclinic.ca\/fr\/wp-json\/wp\/v2\/users\/4"}],"replies":[{"embeddable":true,"href":"https:\/\/elevateclinic.ca\/fr\/wp-json\/wp\/v2\/comments?post=7087"}],"version-history":[{"count":13,"href":"https:\/\/elevateclinic.ca\/fr\/wp-json\/wp\/v2\/pages\/7087\/revisions"}],"predecessor-version":[{"id":7268,"href":"https:\/\/elevateclinic.ca\/fr\/wp-json\/wp\/v2\/pages\/7087\/revisions\/7268"}],"up":[{"embeddable":true,"href":"https:\/\/elevateclinic.ca\/fr\/wp-json\/wp\/v2\/pages\/1458"}],"wp:attachment":[{"href":"https:\/\/elevateclinic.ca\/fr\/wp-json\/wp\/v2\/media?parent=7087"}],"curies":[{"name":"wp","href":"https:\/\/api.w.org\/{rel}","templated":true}]}}