{"id":7457,"date":"2026-03-19T03:16:32","date_gmt":"2026-03-19T07:16:32","guid":{"rendered":"https:\/\/elevateclinic.ca\/?page_id=7457"},"modified":"2026-03-19T14:00:16","modified_gmt":"2026-03-19T18:00:16","slug":"carina-ventrone","status":"publish","type":"page","link":"https:\/\/elevateclinic.ca\/fr\/a-propos-de-nous\/carina-ventrone\/","title":{"rendered":"Carina Ventrone"},"content":{"rendered":"\t\t<div data-elementor-type=\"wp-page\" data-elementor-id=\"7457\" class=\"elementor elementor-7457 elementor-7444\" data-elementor-post-type=\"page\">\n\t\t\t\t\t\t<section class=\"elementor-section elementor-top-section elementor-element elementor-element-675b69cf elementor-section-height-min-height bio-banner elementor-section-boxed elementor-section-height-default elementor-section-items-middle\" data-id=\"675b69cf\" data-element_type=\"section\" data-settings=\"{&quot;background_background&quot;:&quot;classic&quot;}\">\n\t\t\t\t\t\t\t<div class=\"elementor-background-overlay\"><\/div>\n\t\t\t\t\t\t\t<div class=\"elementor-container elementor-column-gap-default\">\n\t\t\t\t\t<div class=\"elementor-column elementor-col-100 elementor-top-column elementor-element elementor-element-7692f992\" data-id=\"7692f992\" data-element_type=\"column\" data-settings=\"{&quot;background_background&quot;:&quot;classic&quot;}\">\n\t\t\t<div class=\"elementor-widget-wrap elementor-element-populated\">\n\t\t\t\t\t<div class=\"elementor-background-overlay\"><\/div>\n\t\t\t\t\t\t<div class=\"elementor-element elementor-element-22bbb35a elementor-widget elementor-widget-heading\" data-id=\"22bbb35a\" data-element_type=\"widget\" data-widget_type=\"heading.default\">\n\t\t\t\t<div class=\"elementor-widget-container\">\n\t\t\t\t\t<h1 class=\"elementor-heading-title elementor-size-default\">Carina Ventrone<\/h1>\t\t\t\t<\/div>\n\t\t\t\t<\/div>\n\t\t\t\t<div class=\"elementor-element elementor-element-4df4454 elementor-widget elementor-widget-heading\" data-id=\"4df4454\" data-element_type=\"widget\" data-widget_type=\"heading.default\">\n\t\t\t\t<div class=\"elementor-widget-container\">\n\t\t\t\t\t<h4 class=\"elementor-heading-title elementor-size-default\">Coordinatrice des soins cliniques<\/h4>\t\t\t\t<\/div>\n\t\t\t\t<\/div>\n\t\t\t\t\t<\/div>\n\t\t<\/div>\n\t\t\t\t\t<\/div>\n\t\t<\/section>\n\t\t\t\t<section class=\"elementor-section elementor-top-section elementor-element elementor-element-5ed81460 bio-photo-section elementor-section-boxed elementor-section-height-default elementor-section-height-default\" data-id=\"5ed81460\" data-element_type=\"section\">\n\t\t\t\t\t\t<div class=\"elementor-container elementor-column-gap-default\">\n\t\t\t\t\t<div class=\"elementor-column elementor-col-50 elementor-top-column elementor-element elementor-element-460e9d81\" data-id=\"460e9d81\" data-element_type=\"column\">\n\t\t\t<div class=\"elementor-widget-wrap elementor-element-populated\">\n\t\t\t\t\t\t<div class=\"elementor-element elementor-element-72771f51 elementor-widget elementor-widget-image\" data-id=\"72771f51\" data-element_type=\"widget\" data-widget_type=\"image.default\">\n\t\t\t\t<div class=\"elementor-widget-container\">\n\t\t\t\t\t\t\t\t\t\t\t\t\t\t\t<img fetchpriority=\"high\" decoding=\"async\" width=\"1000\" height=\"1175\" src=\"https:\/\/elevateclinic.ca\/wp-content\/uploads\/2026\/03\/Untitled-design-2.png\" class=\"attachment-full size-full wp-image-7447\" alt=\"\" srcset=\"https:\/\/elevateclinic.ca\/wp-content\/uploads\/2026\/03\/Untitled-design-2.png 1000w, https:\/\/elevateclinic.ca\/wp-content\/uploads\/2026\/03\/Untitled-design-2-255x300.png 255w, https:\/\/elevateclinic.ca\/wp-content\/uploads\/2026\/03\/Untitled-design-2-871x1024.png 871w, https:\/\/elevateclinic.ca\/wp-content\/uploads\/2026\/03\/Untitled-design-2-768x902.png 768w\" sizes=\"(max-width: 1000px) 100vw, 1000px\" \/>\t\t\t\t\t\t\t\t\t\t\t\t\t\t\t<\/div>\n\t\t\t\t<\/div>\n\t\t\t\t\t<\/div>\n\t\t<\/div>\n\t\t\t\t<div class=\"elementor-column elementor-col-50 elementor-top-column elementor-element elementor-element-78e5cc6d\" data-id=\"78e5cc6d\" data-element_type=\"column\">\n\t\t\t<div class=\"elementor-widget-wrap elementor-element-populated\">\n\t\t\t\t\t\t<div class=\"elementor-element elementor-element-273c3fd5 elementor-widget elementor-widget-image\" data-id=\"273c3fd5\" data-element_type=\"widget\" data-widget_type=\"image.default\">\n\t\t\t\t<div class=\"elementor-widget-container\">\n\t\t\t\t\t\t\t\t\t\t\t\t\t\t\t<img decoding=\"async\" width=\"946\" height=\"946\" src=\"https:\/\/elevateclinic.ca\/wp-content\/uploads\/2024\/08\/circle-logo.png\" class=\"attachment-full size-full wp-image-3953\" alt=\"\" srcset=\"https:\/\/elevateclinic.ca\/wp-content\/uploads\/2024\/08\/circle-logo.png 946w, https:\/\/elevateclinic.ca\/wp-content\/uploads\/2024\/08\/circle-logo-300x300.png 300w, https:\/\/elevateclinic.ca\/wp-content\/uploads\/2024\/08\/circle-logo-150x150.png 150w, https:\/\/elevateclinic.ca\/wp-content\/uploads\/2024\/08\/circle-logo-768x768.png 768w\" sizes=\"(max-width: 946px) 100vw, 946px\" \/>\t\t\t\t\t\t\t\t\t\t\t\t\t\t\t<\/div>\n\t\t\t\t<\/div>\n\t\t\t\t<div class=\"elementor-element elementor-element-19d23f60 elementor-widget__width-initial elementor-widget elementor-widget-heading\" data-id=\"19d23f60\" data-element_type=\"widget\" data-widget_type=\"heading.default\">\n\t\t\t\t<div class=\"elementor-widget-container\">\n\t\t\t\t\t<h4 class=\"elementor-heading-title elementor-size-default\">\u00ab \u00c0 Elevate, je suis votre premier pas accueillant \u2014 une d\u00e9fenseure du bien-\u00eatre qui se soucie profond\u00e9ment de bien vous d\u00e9marrer. J'\u00e9coute attentivement et vous connecte \u00e0 la parfaite correspondance th\u00e9rapeute, afin que vous vous sentiez v\u00e9ritablement prise en charge d\u00e8s le premier jour. \u00bb<\/h4>\t\t\t\t<\/div>\n\t\t\t\t<\/div>\n\t\t\t\t<div class=\"elementor-element elementor-element-1ff2b20e elementor-mobile-align-center elementor-align-center elementor-widget elementor-widget-button\" data-id=\"1ff2b20e\" data-element_type=\"widget\" data-widget_type=\"button.default\">\n\t\t\t\t<div class=\"elementor-widget-container\">\n\t\t\t\t\t\t\t\t\t<div class=\"elementor-button-wrapper\">\n\t\t\t\t\t<a class=\"elementor-button elementor-button-link elementor-size-sm\" href=\"https:\/\/elevateclinic.ca\/fr\/contactez-nous\/#contact-form\">\n\t\t\t\t\t\t<span class=\"elementor-button-content-wrapper\">\n\t\t\t\t\t\t\t\t\t<span class=\"elementor-button-text\">Planifiez une consultation<\/span>\n\t\t\t\t\t<\/span>\n\t\t\t\t\t<\/a>\n\t\t\t\t<\/div>\n\t\t\t\t\t\t\t\t<\/div>\n\t\t\t\t<\/div>\n\t\t\t\t\t<\/div>\n\t\t<\/div>\n\t\t\t\t\t<\/div>\n\t\t<\/section>\n\t\t\t\t<section class=\"elementor-section elementor-top-section elementor-element elementor-element-2ff8585d elementor-hidden-desktop elementor-hidden-tablet elementor-hidden-mobile elementor-section-boxed elementor-section-height-default elementor-section-height-default\" data-id=\"2ff8585d\" data-element_type=\"section\">\n\t\t\t\t\t\t<div class=\"elementor-container elementor-column-gap-default\">\n\t\t\t\t\t<div class=\"elementor-column elementor-col-50 elementor-top-column elementor-element elementor-element-892a1da bio-expertise-col\" data-id=\"892a1da\" data-element_type=\"column\" data-settings=\"{&quot;background_background&quot;:&quot;classic&quot;}\">\n\t\t\t<div class=\"elementor-widget-wrap elementor-element-populated\">\n\t\t\t\t\t\t<section class=\"elementor-section elementor-inner-section elementor-element elementor-element-3258b41f elementor-section-boxed elementor-section-height-default elementor-section-height-default\" data-id=\"3258b41f\" data-element_type=\"section\">\n\t\t\t\t\t\t<div class=\"elementor-container elementor-column-gap-default\">\n\t\t\t\t\t<div class=\"elementor-column elementor-col-100 elementor-inner-column elementor-element elementor-element-2af0bde3\" data-id=\"2af0bde3\" data-element_type=\"column\">\n\t\t\t<div class=\"elementor-widget-wrap elementor-element-populated\">\n\t\t\t\t\t\t<div class=\"elementor-element elementor-element-7303aa7c elementor-widget elementor-widget-heading\" data-id=\"7303aa7c\" data-element_type=\"widget\" data-widget_type=\"heading.default\">\n\t\t\t\t<div class=\"elementor-widget-container\">\n\t\t\t\t\t<h4 class=\"elementor-heading-title elementor-size-default\">Expertise<\/h4>\t\t\t\t<\/div>\n\t\t\t\t<\/div>\n\t\t\t\t<div class=\"elementor-element elementor-element-298ca014 elementor-widget elementor-widget-spacer\" data-id=\"298ca014\" data-element_type=\"widget\" data-widget_type=\"spacer.default\">\n\t\t\t\t<div class=\"elementor-widget-container\">\n\t\t\t\t\t\t\t<div class=\"elementor-spacer\">\n\t\t\t<div class=\"elementor-spacer-inner\"><\/div>\n\t\t<\/div>\n\t\t\t\t\t\t<\/div>\n\t\t\t\t<\/div>\n\t\t\t\t<div class=\"elementor-element elementor-element-610280b9 elementor-widget elementor-widget-heading\" data-id=\"610280b9\" data-element_type=\"widget\" data-widget_type=\"heading.default\">\n\t\t\t\t<div class=\"elementor-widget-container\">\n\t\t\t\t\t<h4 class=\"elementor-heading-title elementor-size-default\">Carina specializes in:<\/h4>\t\t\t\t<\/div>\n\t\t\t\t<\/div>\n\t\t\t\t<div class=\"elementor-element elementor-element-6261585 elementor-widget elementor-widget-text-editor\" data-id=\"6261585\" data-element_type=\"widget\" data-widget_type=\"text-editor.default\">\n\t\t\t\t<div class=\"elementor-widget-container\">\n\t\t\t\t\t\t\t\t\t<ul><li>Breastfeeding support<\/li><li>Infant and parent safety (CPR\/AED certified)<\/li><li>Families with twins or triplets<\/li><li>Maternal recovery support<\/li><li>Newborn care<\/li><li>Helping overwhelmed and isolated new parents<\/li><li>Partner\/sibling support<\/li><li>Parent education and coaching<\/li><li>Practical household support<\/li><\/ul>\t\t\t\t\t\t\t\t<\/div>\n\t\t\t\t<\/div>\n\t\t\t\t\t<\/div>\n\t\t<\/div>\n\t\t\t\t\t<\/div>\n\t\t<\/section>\n\t\t\t\t\t<\/div>\n\t\t<\/div>\n\t\t\t\t<div class=\"elementor-column elementor-col-50 elementor-top-column elementor-element elementor-element-27b338a9 bio-icons-col\" data-id=\"27b338a9\" data-element_type=\"column\">\n\t\t\t<div class=\"elementor-widget-wrap elementor-element-populated\">\n\t\t\t\t\t\t<section class=\"elementor-section elementor-inner-section elementor-element elementor-element-e53cb4d elementor-section-boxed elementor-section-height-default elementor-section-height-default\" data-id=\"e53cb4d\" data-element_type=\"section\">\n\t\t\t\t\t\t<div class=\"elementor-container elementor-column-gap-default\">\n\t\t\t\t\t<div class=\"elementor-column elementor-col-50 elementor-inner-column elementor-element elementor-element-29ddbcf\" data-id=\"29ddbcf\" data-element_type=\"column\" data-settings=\"{&quot;background_background&quot;:&quot;classic&quot;}\">\n\t\t\t<div class=\"elementor-widget-wrap elementor-element-populated\">\n\t\t\t\t\t\t<div class=\"elementor-element elementor-element-11772fb elementor-widget elementor-widget-image\" data-id=\"11772fb\" data-element_type=\"widget\" data-widget_type=\"image.default\">\n\t\t\t\t<div class=\"elementor-widget-container\">\n\t\t\t\t\t\t\t\t\t\t\t\t\t\t\t<img decoding=\"async\" width=\"304\" height=\"304\" src=\"https:\/\/elevateclinic.ca\/wp-content\/uploads\/2024\/08\/clientele-box-fr.png\" class=\"attachment-full size-full wp-image-4435\" alt=\"\" srcset=\"https:\/\/elevateclinic.ca\/wp-content\/uploads\/2024\/08\/clientele-box-fr.png 304w, https:\/\/elevateclinic.ca\/wp-content\/uploads\/2024\/08\/clientele-box-fr-300x300.png 300w, https:\/\/elevateclinic.ca\/wp-content\/uploads\/2024\/08\/clientele-box-fr-150x150.png 150w\" sizes=\"(max-width: 304px) 100vw, 304px\" \/>\t\t\t\t\t\t\t\t\t\t\t\t\t\t\t<\/div>\n\t\t\t\t<\/div>\n\t\t\t\t\t<\/div>\n\t\t<\/div>\n\t\t\t\t<div class=\"elementor-column elementor-col-50 elementor-inner-column elementor-element elementor-element-b2e8571\" data-id=\"b2e8571\" data-element_type=\"column\">\n\t\t\t<div class=\"elementor-widget-wrap elementor-element-populated\">\n\t\t\t\t\t\t<div class=\"elementor-element elementor-element-12b7a96 elementor-widget elementor-widget-text-editor\" data-id=\"12b7a96\" data-element_type=\"widget\" data-widget_type=\"text-editor.default\">\n\t\t\t\t<div class=\"elementor-widget-container\">\n\t\t\t\t\t\t\t\t\t<ul>\n  <li>Infants<\/li>\n  <li>Families<\/li>\n  <li>Parents<\/li>\n<\/ul>\n\t\t\t\t\t\t\t\t<\/div>\n\t\t\t\t<\/div>\n\t\t\t\t\t<\/div>\n\t\t<\/div>\n\t\t\t\t\t<\/div>\n\t\t<\/section>\n\t\t\t\t\t<\/div>\n\t\t<\/div>\n\t\t\t\t\t<\/div>\n\t\t<\/section>\n\t\t\t\t<section class=\"elementor-section elementor-top-section elementor-element elementor-element-532f353e bio-learnmore elementor-section-boxed elementor-section-height-default elementor-section-height-default\" data-id=\"532f353e\" data-element_type=\"section\" data-settings=\"{&quot;background_background&quot;:&quot;classic&quot;}\">\n\t\t\t\t\t\t<div class=\"elementor-container elementor-column-gap-default\">\n\t\t\t\t\t<div class=\"elementor-column elementor-col-50 elementor-top-column elementor-element elementor-element-654edefe\" data-id=\"654edefe\" data-element_type=\"column\">\n\t\t\t<div class=\"elementor-widget-wrap elementor-element-populated\">\n\t\t\t\t\t\t<div class=\"elementor-element elementor-element-511b261b elementor-widget elementor-widget-heading\" data-id=\"511b261b\" data-element_type=\"widget\" data-widget_type=\"heading.default\">\n\t\t\t\t<div class=\"elementor-widget-container\">\n\t\t\t\t\t<h4 class=\"elementor-heading-title elementor-size-default\">En savoir plus sur Carina<\/h4>\t\t\t\t<\/div>\n\t\t\t\t<\/div>\n\t\t\t\t<div class=\"elementor-element elementor-element-227e23b1 elementor-widget elementor-widget-text-editor\" data-id=\"227e23b1\" data-element_type=\"widget\" data-widget_type=\"text-editor.default\">\n\t\t\t\t<div class=\"elementor-widget-container\">\n\t\t\t\t\t\t\t\t\t<h2>\u00c9tudes et titres de comp\u00e9tences<\/h2><p>Carina Ventrone d\u00e9tient une ma\u00eetrise en \u00e9tudes sur le yoga avec sp\u00e9cialisation en th\u00e9rapie par le yoga de l&#8217;Universit\u00e9 Loyola Marymount \u00e0 Los Angeles, en Californie. Elle est instructrice de yoga certifi\u00e9e avec plus de sept ans d&#8217;exp\u00e9rience dans le domaine du bien-\u00eatre. Sa formation acad\u00e9mique et professionnelle lui conf\u00e8re une compr\u00e9hension approfondie des fondements th\u00e9rapeutiques et philosophiques du yoga, ainsi que de leur application dans la sant\u00e9 \u00e9motionnelle et le bien-\u00eatre.<\/p><h2>Formation et experiences<\/h2><p>Au cours de sa carri\u00e8re, Carina a d\u00e9velopp\u00e9 une expertise en tant qu&#8217;\u00e9ducatrice en yoga inform\u00e9 par le trauma et facilitatrice en apprentissage socio-\u00e9motionnel (ASE). Son travail vise \u00e0 outiller les individus \u2013 particuli\u00e8rement les jeunes \u2013 pour g\u00e9rer le stress, d\u00e9velopper la conscience de soi et r\u00e9guler leurs \u00e9motions. Sa philosophie d&#8217;enseignement, ancr\u00e9e dans la pleine conscience et la compassion, met l&#8217;accent sur l&#8217;utilisation de la respiration comme v\u00e9hicule puissant pour la transformation personnelle et la gu\u00e9rison. Son approche holistique s&#8217;inspire \u00e0 la fois des principes traditionnels du yoga et des pratiques th\u00e9rapeutiques fond\u00e9es sur des donn\u00e9es probantes.<\/p><h2>Travail actuel<\/h2><p>\u00c0 titre de coordonnatrice des soins cliniques \u00e0 Elevate Clinique de Psychoth\u00e9rapie et Mieux-\u00catre, Carina apporte sa perspective inform\u00e9e par le trauma et son bagage en bien-\u00eatre au service des clients. Elle est souvent le premier point de contact pour les nouveaux clients, offrant une pr\u00e9sence chaleureuse et soutenante pour les guider dans leurs premiers pas vers la th\u00e9rapie. Carina s&#8217;engage \u00e0 favoriser la connexion, l&#8217;\u00e9quilibre et le bien-\u00eatre \u00e9motionnel \u2013 des valeurs qui guident \u00e0 la fois son travail de coordination clinique et sa mission plus large en tant qu&#8217;\u00e9ducatrice en yoga.<\/p>\t\t\t\t\t\t\t\t<\/div>\n\t\t\t\t<\/div>\n\t\t\t\t<div class=\"elementor-element elementor-element-1765989 elementor-mobile-align-center elementor-widget elementor-widget-button\" data-id=\"1765989\" data-element_type=\"widget\" data-widget_type=\"button.default\">\n\t\t\t\t<div class=\"elementor-widget-container\">\n\t\t\t\t\t\t\t\t\t<div class=\"elementor-button-wrapper\">\n\t\t\t\t\t<a class=\"elementor-button elementor-button-link elementor-size-sm\" href=\"https:\/\/elevateclinic.ca\/fr\/contactez-nous\/#contact-form\">\n\t\t\t\t\t\t<span class=\"elementor-button-content-wrapper\">\n\t\t\t\t\t\t\t\t\t<span class=\"elementor-button-text\">Planifiez une consultation<\/span>\n\t\t\t\t\t<\/span>\n\t\t\t\t\t<\/a>\n\t\t\t\t<\/div>\n\t\t\t\t\t\t\t\t<\/div>\n\t\t\t\t<\/div>\n\t\t\t\t\t<\/div>\n\t\t<\/div>\n\t\t\t\t<div class=\"elementor-column elementor-col-50 elementor-top-column elementor-element elementor-element-76295d0b\" data-id=\"76295d0b\" data-element_type=\"column\" data-settings=\"{&quot;background_background&quot;:&quot;classic&quot;}\">\n\t\t\t<div class=\"elementor-widget-wrap elementor-element-populated\">\n\t\t\t\t\t\t<div class=\"elementor-element elementor-element-688e6b4c elementor-widget elementor-widget-spacer\" data-id=\"688e6b4c\" data-element_type=\"widget\" data-widget_type=\"spacer.default\">\n\t\t\t\t<div class=\"elementor-widget-container\">\n\t\t\t\t\t\t\t<div class=\"elementor-spacer\">\n\t\t\t<div class=\"elementor-spacer-inner\"><\/div>\n\t\t<\/div>\n\t\t\t\t\t\t<\/div>\n\t\t\t\t<\/div>\n\t\t\t\t\t<\/div>\n\t\t<\/div>\n\t\t\t\t\t<\/div>\n\t\t<\/section>\n\t\t\t\t<\/div>\n\t\t","protected":false},"excerpt":{"rendered":"<p>Carina Ventrone Coordinatrice des soins cliniques \u00ab \u00c0 Elevate, je suis votre premier pas accueillant \u2014 une d\u00e9fenseure du bien-\u00eatre qui se soucie profond\u00e9ment de bien vous d\u00e9marrer. J&#8217;\u00e9coute attentivement et vous connecte \u00e0 la parfaite correspondance th\u00e9rapeute, afin que vous vous sentiez v\u00e9ritablement prise en charge d\u00e8s le premier jour. \u00bb Planifiez une consultation [&hellip;]<\/p>\n","protected":false},"author":4,"featured_media":0,"parent":1458,"menu_order":0,"comment_status":"closed","ping_status":"closed","template":"","meta":{"_acf_changed":false,"footnotes":""},"class_list":["post-7457","page","type-page","status-publish","hentry"],"acf":[],"yoast_head":"<!-- This site is optimized with the Yoast SEO plugin v25.4 - https:\/\/yoast.com\/wordpress\/plugins\/seo\/ -->\n<title>Carina Ventrone | Elevate Psychotherapy and Wellness Clinic<\/title>\n<meta name=\"robots\" content=\"index, follow, max-snippet:-1, max-image-preview:large, max-video-preview:-1\" \/>\n<link rel=\"canonical\" href=\"https:\/\/elevateclinic.ca\/fr\/a-propos-de-nous\/carina-ventrone\/\" \/>\n<meta property=\"og:locale\" content=\"fr_FR\" \/>\n<meta property=\"og:type\" content=\"article\" \/>\n<meta property=\"og:title\" content=\"Carina Ventrone | Elevate Psychotherapy and Wellness Clinic\" \/>\n<meta property=\"og:description\" content=\"Carina Ventrone Coordinatrice des soins cliniques \u00ab \u00c0 Elevate, je suis votre premier pas accueillant \u2014 une d\u00e9fenseure du bien-\u00eatre qui se soucie profond\u00e9ment de bien vous d\u00e9marrer. J&#8217;\u00e9coute attentivement et vous connecte \u00e0 la parfaite correspondance th\u00e9rapeute, afin que vous vous sentiez v\u00e9ritablement prise en charge d\u00e8s le premier jour. \u00bb Planifiez une consultation [&hellip;]\" \/>\n<meta property=\"og:url\" content=\"https:\/\/elevateclinic.ca\/fr\/a-propos-de-nous\/carina-ventrone\/\" \/>\n<meta property=\"og:site_name\" content=\"Elevate Psychotherapy and Wellness Clinic\" \/>\n<meta property=\"article:publisher\" content=\"https:\/\/www.facebook.com\/p\/Elevate-Psychotherapy-Wellness-Clinic-61554406267176\/\" \/>\n<meta property=\"article:modified_time\" content=\"2026-03-19T18:00:16+00:00\" \/>\n<meta property=\"og:image\" content=\"https:\/\/elevateclinic.ca\/wp-content\/uploads\/2026\/03\/Untitled-design-2.png\" \/>\n\t<meta property=\"og:image:width\" content=\"1000\" \/>\n\t<meta property=\"og:image:height\" content=\"1175\" \/>\n\t<meta property=\"og:image:type\" content=\"image\/png\" \/>\n<meta name=\"twitter:card\" content=\"summary_large_image\" \/>\n<meta name=\"twitter:label1\" content=\"Dur\u00e9e de lecture estim\u00e9e\" \/>\n\t<meta name=\"twitter:data1\" content=\"2 minutes\" \/>\n<script type=\"application\/ld+json\" class=\"yoast-schema-graph\">{\"@context\":\"https:\/\/schema.org\",\"@graph\":[{\"@type\":\"WebPage\",\"@id\":\"https:\/\/elevateclinic.ca\/fr\/a-propos-de-nous\/carina-ventrone\/\",\"url\":\"https:\/\/elevateclinic.ca\/fr\/a-propos-de-nous\/carina-ventrone\/\",\"name\":\"Carina Ventrone | Elevate Psychotherapy and Wellness Clinic\",\"isPartOf\":{\"@id\":\"https:\/\/elevateclinic.ca\/fr\/#website\"},\"primaryImageOfPage\":{\"@id\":\"https:\/\/elevateclinic.ca\/fr\/a-propos-de-nous\/carina-ventrone\/#primaryimage\"},\"image\":{\"@id\":\"https:\/\/elevateclinic.ca\/fr\/a-propos-de-nous\/carina-ventrone\/#primaryimage\"},\"thumbnailUrl\":\"https:\/\/elevateclinic.ca\/wp-content\/uploads\/2026\/03\/Untitled-design-2.png\",\"datePublished\":\"2026-03-19T07:16:32+00:00\",\"dateModified\":\"2026-03-19T18:00:16+00:00\",\"breadcrumb\":{\"@id\":\"https:\/\/elevateclinic.ca\/fr\/a-propos-de-nous\/carina-ventrone\/#breadcrumb\"},\"inLanguage\":\"fr-FR\",\"potentialAction\":[{\"@type\":\"ReadAction\",\"target\":[\"https:\/\/elevateclinic.ca\/fr\/a-propos-de-nous\/carina-ventrone\/\"]}]},{\"@type\":\"ImageObject\",\"inLanguage\":\"fr-FR\",\"@id\":\"https:\/\/elevateclinic.ca\/fr\/a-propos-de-nous\/carina-ventrone\/#primaryimage\",\"url\":\"https:\/\/elevateclinic.ca\/wp-content\/uploads\/2026\/03\/Untitled-design-2.png\",\"contentUrl\":\"https:\/\/elevateclinic.ca\/wp-content\/uploads\/2026\/03\/Untitled-design-2.png\"},{\"@type\":\"BreadcrumbList\",\"@id\":\"https:\/\/elevateclinic.ca\/fr\/a-propos-de-nous\/carina-ventrone\/#breadcrumb\",\"itemListElement\":[{\"@type\":\"ListItem\",\"position\":1,\"name\":\"Home\",\"item\":\"https:\/\/elevateclinic.ca\/fr\/\"},{\"@type\":\"ListItem\",\"position\":2,\"name\":\"\u00c0 propos de nous\",\"item\":\"https:\/\/elevateclinic.ca\/fr\/a-propos-de-nous\/\"},{\"@type\":\"ListItem\",\"position\":3,\"name\":\"Carina Ventrone\"}]},{\"@type\":\"WebSite\",\"@id\":\"https:\/\/elevateclinic.ca\/fr\/#website\",\"url\":\"https:\/\/elevateclinic.ca\/fr\/\",\"name\":\"Elevate Psychotherapy and Wellness Clinic\",\"description\":\"| Montreal Psychologists and Neuropsychologists\",\"publisher\":{\"@id\":\"https:\/\/elevateclinic.ca\/fr\/#organization\"},\"potentialAction\":[{\"@type\":\"SearchAction\",\"target\":{\"@type\":\"EntryPoint\",\"urlTemplate\":\"https:\/\/elevateclinic.ca\/fr\/?s={search_term_string}\"},\"query-input\":{\"@type\":\"PropertyValueSpecification\",\"valueRequired\":true,\"valueName\":\"search_term_string\"}}],\"inLanguage\":\"fr-FR\"},{\"@type\":\"Organization\",\"@id\":\"https:\/\/elevateclinic.ca\/fr\/#organization\",\"name\":\"Elevate Psychotherapy and Wellness Clinic\",\"url\":\"https:\/\/elevateclinic.ca\/fr\/\",\"logo\":{\"@type\":\"ImageObject\",\"inLanguage\":\"fr-FR\",\"@id\":\"https:\/\/elevateclinic.ca\/fr\/#\/schema\/logo\/image\/\",\"url\":\"https:\/\/elevateclinic.ca\/wp-content\/uploads\/2023\/04\/Elevate-Logo-large-2.png\",\"contentUrl\":\"https:\/\/elevateclinic.ca\/wp-content\/uploads\/2023\/04\/Elevate-Logo-large-2.png\",\"width\":1000,\"height\":581,\"caption\":\"Elevate Psychotherapy and Wellness Clinic\"},\"image\":{\"@id\":\"https:\/\/elevateclinic.ca\/fr\/#\/schema\/logo\/image\/\"},\"sameAs\":[\"https:\/\/www.facebook.com\/p\/Elevate-Psychotherapy-Wellness-Clinic-61554406267176\/\",\"https:\/\/www.linkedin.com\/company\/101170777\/admin\/dashboard\/\",\"https:\/\/www.psychologytoday.com\/ca\/therapists\/elevate-clinique-montreal-qc\/1305506\",\"https:\/\/www.psychologytoday.com\/ca\/therapists\/elevate-neuropsychology-clinic-laval-qc\/1471723\",\"https:\/\/www.psychologytoday.com\/ca\/therapists\/olivia-kuzyk-westmount-qc\/1047389\",\"https:\/\/www.psychologytoday.com\/ca\/therapists\/cristina-crivello-montreal-qc\/727527\",\"https:\/\/www.linkedin.com\/in\/cristinacrivello\/?originalSubdomain=ca\",\"https:\/\/www.linkedin.com\/in\/olivia-kuzyk-phd-984a8bb4\/?originalSubdomain=ca\",\"https:\/\/www.instagram.com\/elevatewellnessmtl\/\"]}]}<\/script>\n<!-- \/ Yoast SEO plugin. -->","yoast_head_json":{"title":"Carina Ventrone | Elevate Psychotherapy and Wellness Clinic","robots":{"index":"index","follow":"follow","max-snippet":"max-snippet:-1","max-image-preview":"max-image-preview:large","max-video-preview":"max-video-preview:-1"},"canonical":"https:\/\/elevateclinic.ca\/fr\/a-propos-de-nous\/carina-ventrone\/","og_locale":"fr_FR","og_type":"article","og_title":"Carina Ventrone | Elevate Psychotherapy and Wellness Clinic","og_description":"Carina Ventrone Coordinatrice des soins cliniques \u00ab \u00c0 Elevate, je suis votre premier pas accueillant \u2014 une d\u00e9fenseure du bien-\u00eatre qui se soucie profond\u00e9ment de bien vous d\u00e9marrer. J&#8217;\u00e9coute attentivement et vous connecte \u00e0 la parfaite correspondance th\u00e9rapeute, afin que vous vous sentiez v\u00e9ritablement prise en charge d\u00e8s le premier jour. \u00bb Planifiez une consultation [&hellip;]","og_url":"https:\/\/elevateclinic.ca\/fr\/a-propos-de-nous\/carina-ventrone\/","og_site_name":"Elevate Psychotherapy and Wellness Clinic","article_publisher":"https:\/\/www.facebook.com\/p\/Elevate-Psychotherapy-Wellness-Clinic-61554406267176\/","article_modified_time":"2026-03-19T18:00:16+00:00","og_image":[{"width":1000,"height":1175,"url":"https:\/\/elevateclinic.ca\/wp-content\/uploads\/2026\/03\/Untitled-design-2.png","type":"image\/png"}],"twitter_card":"summary_large_image","twitter_misc":{"Dur\u00e9e de lecture estim\u00e9e":"2 minutes"},"schema":{"@context":"https:\/\/schema.org","@graph":[{"@type":"WebPage","@id":"https:\/\/elevateclinic.ca\/fr\/a-propos-de-nous\/carina-ventrone\/","url":"https:\/\/elevateclinic.ca\/fr\/a-propos-de-nous\/carina-ventrone\/","name":"Carina Ventrone | Elevate Psychotherapy and Wellness Clinic","isPartOf":{"@id":"https:\/\/elevateclinic.ca\/fr\/#website"},"primaryImageOfPage":{"@id":"https:\/\/elevateclinic.ca\/fr\/a-propos-de-nous\/carina-ventrone\/#primaryimage"},"image":{"@id":"https:\/\/elevateclinic.ca\/fr\/a-propos-de-nous\/carina-ventrone\/#primaryimage"},"thumbnailUrl":"https:\/\/elevateclinic.ca\/wp-content\/uploads\/2026\/03\/Untitled-design-2.png","datePublished":"2026-03-19T07:16:32+00:00","dateModified":"2026-03-19T18:00:16+00:00","breadcrumb":{"@id":"https:\/\/elevateclinic.ca\/fr\/a-propos-de-nous\/carina-ventrone\/#breadcrumb"},"inLanguage":"fr-FR","potentialAction":[{"@type":"ReadAction","target":["https:\/\/elevateclinic.ca\/fr\/a-propos-de-nous\/carina-ventrone\/"]}]},{"@type":"ImageObject","inLanguage":"fr-FR","@id":"https:\/\/elevateclinic.ca\/fr\/a-propos-de-nous\/carina-ventrone\/#primaryimage","url":"https:\/\/elevateclinic.ca\/wp-content\/uploads\/2026\/03\/Untitled-design-2.png","contentUrl":"https:\/\/elevateclinic.ca\/wp-content\/uploads\/2026\/03\/Untitled-design-2.png"},{"@type":"BreadcrumbList","@id":"https:\/\/elevateclinic.ca\/fr\/a-propos-de-nous\/carina-ventrone\/#breadcrumb","itemListElement":[{"@type":"ListItem","position":1,"name":"Home","item":"https:\/\/elevateclinic.ca\/fr\/"},{"@type":"ListItem","position":2,"name":"\u00c0 propos de nous","item":"https:\/\/elevateclinic.ca\/fr\/a-propos-de-nous\/"},{"@type":"ListItem","position":3,"name":"Carina Ventrone"}]},{"@type":"WebSite","@id":"https:\/\/elevateclinic.ca\/fr\/#website","url":"https:\/\/elevateclinic.ca\/fr\/","name":"Elevate Psychotherapy and Wellness Clinic","description":"| Montreal Psychologists and Neuropsychologists","publisher":{"@id":"https:\/\/elevateclinic.ca\/fr\/#organization"},"potentialAction":[{"@type":"SearchAction","target":{"@type":"EntryPoint","urlTemplate":"https:\/\/elevateclinic.ca\/fr\/?s={search_term_string}"},"query-input":{"@type":"PropertyValueSpecification","valueRequired":true,"valueName":"search_term_string"}}],"inLanguage":"fr-FR"},{"@type":"Organization","@id":"https:\/\/elevateclinic.ca\/fr\/#organization","name":"Elevate Psychotherapy and Wellness Clinic","url":"https:\/\/elevateclinic.ca\/fr\/","logo":{"@type":"ImageObject","inLanguage":"fr-FR","@id":"https:\/\/elevateclinic.ca\/fr\/#\/schema\/logo\/image\/","url":"https:\/\/elevateclinic.ca\/wp-content\/uploads\/2023\/04\/Elevate-Logo-large-2.png","contentUrl":"https:\/\/elevateclinic.ca\/wp-content\/uploads\/2023\/04\/Elevate-Logo-large-2.png","width":1000,"height":581,"caption":"Elevate Psychotherapy and Wellness Clinic"},"image":{"@id":"https:\/\/elevateclinic.ca\/fr\/#\/schema\/logo\/image\/"},"sameAs":["https:\/\/www.facebook.com\/p\/Elevate-Psychotherapy-Wellness-Clinic-61554406267176\/","https:\/\/www.linkedin.com\/company\/101170777\/admin\/dashboard\/","https:\/\/www.psychologytoday.com\/ca\/therapists\/elevate-clinique-montreal-qc\/1305506","https:\/\/www.psychologytoday.com\/ca\/therapists\/elevate-neuropsychology-clinic-laval-qc\/1471723","https:\/\/www.psychologytoday.com\/ca\/therapists\/olivia-kuzyk-westmount-qc\/1047389","https:\/\/www.psychologytoday.com\/ca\/therapists\/cristina-crivello-montreal-qc\/727527","https:\/\/www.linkedin.com\/in\/cristinacrivello\/?originalSubdomain=ca","https:\/\/www.linkedin.com\/in\/olivia-kuzyk-phd-984a8bb4\/?originalSubdomain=ca","https:\/\/www.instagram.com\/elevatewellnessmtl\/"]}]}},"_links":{"self":[{"href":"https:\/\/elevateclinic.ca\/fr\/wp-json\/wp\/v2\/pages\/7457","targetHints":{"allow":["GET"]}}],"collection":[{"href":"https:\/\/elevateclinic.ca\/fr\/wp-json\/wp\/v2\/pages"}],"about":[{"href":"https:\/\/elevateclinic.ca\/fr\/wp-json\/wp\/v2\/types\/page"}],"author":[{"embeddable":true,"href":"https:\/\/elevateclinic.ca\/fr\/wp-json\/wp\/v2\/users\/4"}],"replies":[{"embeddable":true,"href":"https:\/\/elevateclinic.ca\/fr\/wp-json\/wp\/v2\/comments?post=7457"}],"version-history":[{"count":8,"href":"https:\/\/elevateclinic.ca\/fr\/wp-json\/wp\/v2\/pages\/7457\/revisions"}],"predecessor-version":[{"id":7476,"href":"https:\/\/elevateclinic.ca\/fr\/wp-json\/wp\/v2\/pages\/7457\/revisions\/7476"}],"up":[{"embeddable":true,"href":"https:\/\/elevateclinic.ca\/fr\/wp-json\/wp\/v2\/pages\/1458"}],"wp:attachment":[{"href":"https:\/\/elevateclinic.ca\/fr\/wp-json\/wp\/v2\/media?parent=7457"}],"curies":[{"name":"wp","href":"https:\/\/api.w.org\/{rel}","templated":true}]}}